{"id":1795,"date":"2022-12-12T23:34:34","date_gmt":"2022-12-12T23:34:34","guid":{"rendered":"http:\/\/rderural.com\/?page_id=1795"},"modified":"2022-12-20T21:56:18","modified_gmt":"2022-12-20T21:56:18","slug":"gites-a-vallnord","status":"publish","type":"page","link":"https:\/\/rderural.com\/fr\/gites-a-vallnord\/","title":{"rendered":"G\u00eetes \u00e0 Vallnord"},"content":{"rendered":"\t\t<div data-elementor-type=\"wp-post\" data-elementor-id=\"1795\" class=\"elementor elementor-1795 elementor-423\">\n\t\t\t\t\t\t<section class=\"elementor-section elementor-top-section elementor-element elementor-element-7f113b65 elementor-section-full_width elementor-section-height-min-height elementor-section-height-default elementor-section-items-middle\" data-id=\"7f113b65\" data-element_type=\"section\" data-settings=\"{&quot;background_background&quot;:&quot;classic&quot;}\">\n\t\t\t\t\t\t\t<div class=\"elementor-background-overlay\"><\/div>\n\t\t\t\t\t\t\t<div class=\"elementor-container elementor-column-gap-default\">\n\t\t\t\t\t<div class=\"elementor-column elementor-col-100 elementor-top-column elementor-element elementor-element-476d30e2\" data-id=\"476d30e2\" data-element_type=\"column\">\n\t\t\t<div class=\"elementor-widget-wrap elementor-element-populated\">\n\t\t\t\t\t\t<div class=\"elementor-element elementor-element-1b6d5b6f elementor-widget elementor-widget-spacer\" data-id=\"1b6d5b6f\" data-element_type=\"widget\" data-widget_type=\"spacer.default\">\n\t\t\t\t<div class=\"elementor-widget-container\">\n\t\t\t\t\t\t\t<div class=\"elementor-spacer\">\n\t\t\t<div class=\"elementor-spacer-inner\"><\/div>\n\t\t<\/div>\n\t\t\t\t\t\t<\/div>\n\t\t\t\t<\/div>\n\t\t\t\t<section class=\"elementor-section elementor-inner-section elementor-element elementor-element-7103a9cd elementor-reverse-mobile elementor-section-boxed elementor-section-height-default elementor-section-height-default\" data-id=\"7103a9cd\" data-element_type=\"section\">\n\t\t\t\t\t\t<div class=\"elementor-container elementor-column-gap-wider\">\n\t\t\t\t\t<div class=\"elementor-column elementor-col-100 elementor-inner-column elementor-element elementor-element-1499e6fd\" data-id=\"1499e6fd\" data-element_type=\"column\">\n\t\t\t<div class=\"elementor-widget-wrap elementor-element-populated\">\n\t\t\t\t\t\t<div class=\"elementor-element elementor-element-487409b9 elementor-view-default elementor-position-top elementor-widget elementor-widget-themo-header\" data-id=\"487409b9\" data-element_type=\"widget\" data-widget_type=\"themo-header.default\">\n\t\t\t\t<div class=\"elementor-widget-container\">\n\t\t\t\t\t\t\t<div class=\"th-header-wrap\">\n        <div class=\"elementor-icon-box-wrapper \">\n                            <div class=\"elementor-icon-box-content\">\n                    <h1 class=\"elementor-icon-box-title\">\n                        G\u00ceTES \u00c0 ORDINO                    <\/h1>\n                                        <p class=\"elementor-icon-box-description\">Les Vall\u00e9es du Nord, vall\u00e9es du silence o\u00f9 vous profiterez de la nature dans son \u00e9tat le plus pur. En \u00e9t\u00e9 ou en hiver, laissez-vous emporter par le charme et le myst\u00e8re que ses chemins cachent.<\/p>\n\n                                    <\/div>\n            <\/div>\n\n        <\/div>\n\n\t\t\t\t\t\t<\/div>\n\t\t\t\t<\/div>\n\t\t\t\t\t<\/div>\n\t\t<\/div>\n\t\t\t\t\t<\/div>\n\t\t<\/section>\n\t\t\t\t<div class=\"elementor-element elementor-element-6d14406 elementor-widget elementor-widget-spacer\" data-id=\"6d14406\" data-element_type=\"widget\" data-widget_type=\"spacer.default\">\n\t\t\t\t<div class=\"elementor-widget-container\">\n\t\t\t\t\t\t\t<div class=\"elementor-spacer\">\n\t\t\t<div class=\"elementor-spacer-inner\"><\/div>\n\t\t<\/div>\n\t\t\t\t\t\t<\/div>\n\t\t\t\t<\/div>\n\t\t\t\t\t<\/div>\n\t\t<\/div>\n\t\t\t\t\t<\/div>\n\t\t<\/section>\n\t\t\t\t<section class=\"elementor-section elementor-top-section elementor-element elementor-element-4f6737c0 elementor-section-boxed elementor-section-height-default elementor-section-height-default\" data-id=\"4f6737c0\" data-element_type=\"section\" data-settings=\"{&quot;background_background&quot;:&quot;classic&quot;}\">\n\t\t\t\t\t\t<div class=\"elementor-container elementor-column-gap-default\">\n\t\t\t\t\t<div class=\"elementor-column elementor-col-100 elementor-top-column elementor-element elementor-element-417c5957\" data-id=\"417c5957\" data-element_type=\"column\">\n\t\t\t<div class=\"elementor-widget-wrap elementor-element-populated\">\n\t\t\t\t\t\t<div class=\"elementor-element elementor-element-16e90536 elementor-widget elementor-widget-spacer\" data-id=\"16e90536\" data-element_type=\"widget\" data-widget_type=\"spacer.default\">\n\t\t\t\t<div class=\"elementor-widget-container\">\n\t\t\t\t\t\t\t<div class=\"elementor-spacer\">\n\t\t\t<div class=\"elementor-spacer-inner\"><\/div>\n\t\t<\/div>\n\t\t\t\t\t\t<\/div>\n\t\t\t\t<\/div>\n\t\t\t\t<div class=\"elementor-element elementor-element-0104bc6 habitaciones elementor-widget elementor-widget-themo-room-grid\" data-id=\"0104bc6\" data-element_type=\"widget\" data-widget_type=\"themo-room-grid.default\">\n\t\t\t\t<div class=\"elementor-widget-container\">\n\t\t\t\t\t\n                <div id=\"th-portfolio-content-69f0d873310c4\" class=\"th-portfolio\">\n\n            \n            <div id=\"th-portfolio-row\" class=\"th-portfolio-row row portfolio_content  three-columns th-port-gutter\">\n\n                                        <div id=\"post-1763\" class=\"th-portfolio-item item col-md-4 col-sm-6 p-gites-a-vallnord post-1763 themo_room type-themo_room status-publish format-standard has-post-thumbnail hentry themo_room_type-gites-a-vallnord\">\n\n                                                        <div class=\"th-port-wrap\">\n                                                            <img fetchpriority=\"high\" decoding=\"async\" width=\"380\" height=\"380\" src=\"https:\/\/rderural.com\/wp-content\/uploads\/2017\/12\/mariola-PT5B1101_RETOCADA-380x380-1.jpg\" class=\"img-responsive th-port-img wp-post-image\" alt=\"\" \/>                                                                <div class=\"th-port-overlay\"><\/div>\n                                <div class=\"th-port-inner\">\n                                                                        <div class=\"th-port-center\">\n                                        <h3 class=\"th-port-title\">CASA MARIOLA<\/h3>\n                                        <p class=\"th-port-sub th-else\">Maximum 5 personnes<br> Sorn\u00e0s (Ordino)<\/p>\n                                        <div class=\"th-pricing-cost\">\u20ac195<span>\/jour<\/span><\/div>\n                                                                            <\/div>\n                                    <a href=\"https:\/\/rderural.com\/fr\/maison\/casa-mariola\/\" class=\"th-port-link\" ><\/a>                                <\/div>\n                            <\/div>\n                                                    <\/div>\n                                                <div id=\"post-1768\" class=\"th-portfolio-item item col-md-4 col-sm-6 p-gites-a-vallnord post-1768 themo_room type-themo_room status-publish format-standard has-post-thumbnail hentry themo_room_type-gites-a-vallnord\">\n\n                                                        <div class=\"th-port-wrap\">\n                                                            <img decoding=\"async\" width=\"380\" height=\"380\" src=\"https:\/\/rderural.com\/wp-content\/uploads\/2017\/12\/R-de-Rural-Martin-Imatge-6686-era-380x380-1.jpg\" class=\"img-responsive th-port-img wp-post-image\" alt=\"\" \/>                                                                <div class=\"th-port-overlay\"><\/div>\n                                <div class=\"th-port-inner\">\n                                                                        <div class=\"th-port-center\">\n                                        <h3 class=\"th-port-title\">CASA RURAL ERA MARIOLA<\/h3>\n                                        <p class=\"th-port-sub th-else\">Maximum 4 personnes<br> Sorn\u00e0s (Ordino)<\/p>\n                                        <div class=\"th-pricing-cost\">140\u20ac<span>\/jour<\/span><\/div>\n                                                                            <\/div>\n                                    <a href=\"https:\/\/rderural.com\/fr\/maison\/casa-rural-era-mariola\/\" class=\"th-port-link\" ><\/a>                                <\/div>\n                            <\/div>\n                                                    <\/div>\n                        \n            <\/div>\n\n        <\/div>\n\n        \t\t\t\t<\/div>\n\t\t\t\t<\/div>\n\t\t\t\t<div class=\"elementor-element elementor-element-16fe7750 elementor-widget elementor-widget-spacer\" data-id=\"16fe7750\" data-element_type=\"widget\" data-widget_type=\"spacer.default\">\n\t\t\t\t<div class=\"elementor-widget-container\">\n\t\t\t\t\t\t\t<div class=\"elementor-spacer\">\n\t\t\t<div class=\"elementor-spacer-inner\"><\/div>\n\t\t<\/div>\n\t\t\t\t\t\t<\/div>\n\t\t\t\t<\/div>\n\t\t\t\t\t<\/div>\n\t\t<\/div>\n\t\t\t\t\t<\/div>\n\t\t<\/section>\n\t\t\t\t<section class=\"elementor-section elementor-top-section elementor-element elementor-element-198a851c elementor-section-boxed elementor-section-height-default elementor-section-height-default\" data-id=\"198a851c\" data-element_type=\"section\" data-settings=\"{&quot;background_background&quot;:&quot;classic&quot;}\">\n\t\t\t\t\t\t<div class=\"elementor-container elementor-column-gap-wider\">\n\t\t\t\t\t<div class=\"elementor-column elementor-col-100 elementor-top-column elementor-element elementor-element-4a654825\" data-id=\"4a654825\" data-element_type=\"column\">\n\t\t\t<div class=\"elementor-widget-wrap elementor-element-populated\">\n\t\t\t\t\t\t<div class=\"elementor-element elementor-element-2945ab6f elementor-widget elementor-widget-themo-call-to-action\" data-id=\"2945ab6f\" data-element_type=\"widget\" data-widget_type=\"themo-call-to-action.default\">\n\t\t\t\t<div class=\"elementor-widget-container\">\n\t\t\t\t\t\t\t<div class=\"th-cta\">\n\t\t\t\t\t        <div class=\"th-cta-text\">\n\t\t            <span>Votre s\u00e9jour en Andorre le plus authentique<\/span>\n\t\t        <\/div>\n\t\t    \n                        <div class=\"th-cta-btn\">\n\n                                    <a class=\"btn-1 btn th-btn btn-cta-primary\" href=\"https:\/\/engine.witbooking.com\/rural_mariola\/fr\/availability\" target=\"_blank\">\n                                                    R\u00e9servez maintenant!                                            <\/a>\n                \n                            <\/div>\n            \t\t<\/div>\n\t\t\t\t\t\t<\/div>\n\t\t\t\t<\/div>\n\t\t\t\t\t<\/div>\n\t\t<\/div>\n\t\t\t\t\t<\/div>\n\t\t<\/section>\n\t\t\t\t<section class=\"elementor-section elementor-top-section elementor-element elementor-element-0c04fb5 elementor-section-boxed elementor-section-height-default elementor-section-height-default\" data-id=\"0c04fb5\" data-element_type=\"section\" data-settings=\"{&quot;background_background&quot;:&quot;classic&quot;}\">\n\t\t\t\t\t\t<div class=\"elementor-container elementor-column-gap-default\">\n\t\t\t\t\t<div class=\"elementor-column elementor-col-100 elementor-top-column elementor-element elementor-element-95ee52e\" data-id=\"95ee52e\" data-element_type=\"column\">\n\t\t\t<div class=\"elementor-widget-wrap elementor-element-populated\">\n\t\t\t\t\t\t<section class=\"elementor-section elementor-inner-section elementor-element elementor-element-33499c4 elementor-section-boxed elementor-section-height-default elementor-section-height-default\" data-id=\"33499c4\" data-element_type=\"section\">\n\t\t\t\t\t\t<div class=\"elementor-container elementor-column-gap-default\">\n\t\t\t\t\t<div class=\"elementor-column elementor-col-50 elementor-inner-column elementor-element elementor-element-730f48c\" data-id=\"730f48c\" data-element_type=\"column\">\n\t\t\t<div class=\"elementor-widget-wrap elementor-element-populated\">\n\t\t\t\t\t\t<div class=\"elementor-element elementor-element-4f455cd elementor-widget elementor-widget-image\" data-id=\"4f455cd\" data-element_type=\"widget\" data-widget_type=\"image.default\">\n\t\t\t\t<div class=\"elementor-widget-container\">\n\t\t\t\t\t\t\t\t\t\t\t\t\t\t\t<img decoding=\"async\" width=\"394\" height=\"114\" src=\"https:\/\/rderural.com\/wp-content\/uploads\/2022\/12\/espigues-394x114.png\" class=\"attachment-th_img_sm_standard size-th_img_sm_standard wp-image-998\" alt=\"\" srcset=\"https:\/\/rderural.com\/wp-content\/uploads\/2022\/12\/espigues-394x114.png 394w, https:\/\/rderural.com\/wp-content\/uploads\/2022\/12\/espigues-300x87.png 300w, https:\/\/rderural.com\/wp-content\/uploads\/2022\/12\/espigues-346x100.png 346w, https:\/\/rderural.com\/wp-content\/uploads\/2022\/12\/espigues-276x80.png 276w, https:\/\/rderural.com\/wp-content\/uploads\/2022\/12\/espigues.png 622w\" sizes=\"(max-width: 394px) 100vw, 394px\" \/>\t\t\t\t\t\t\t\t\t\t\t\t\t\t\t<\/div>\n\t\t\t\t<\/div>\n\t\t\t\t\t<\/div>\n\t\t<\/div>\n\t\t\t\t<div class=\"elementor-column elementor-col-50 elementor-inner-column elementor-element elementor-element-e41a708\" data-id=\"e41a708\" data-element_type=\"column\">\n\t\t\t<div class=\"elementor-widget-wrap elementor-element-populated\">\n\t\t\t\t\t\t<div class=\"elementor-element elementor-element-e13a187 elementor-widget elementor-widget-heading\" data-id=\"e13a187\" data-element_type=\"widget\" data-widget_type=\"heading.default\">\n\t\t\t\t<div class=\"elementor-widget-container\">\n\t\t\t\t\t<h2 class=\"elementor-heading-title elementor-size-default\">Qualit\u00e9 reconnue\n<\/h2>\t\t\t\t<\/div>\n\t\t\t\t<\/div>\n\t\t\t\t<div class=\"elementor-element elementor-element-6340b36 elementor-widget elementor-widget-text-editor\" data-id=\"6340b36\" data-element_type=\"widget\" data-widget_type=\"text-editor.default\">\n\t\t\t\t<div class=\"elementor-widget-container\">\n\t\t\t\t\t\t\t\t\t<p><strong>Toutes les g\u00eetes de R de Rural, ont \u00e9t\u00e9 reconnues avec la plus haute certification d\u2019h\u00e9bergements ruraux: quatre \u00e9pis. Une reconnaissance certifi\u00e9e par le Gouvernement d\u2019Andorre.<\/strong><\/p>\t\t\t\t\t\t\t\t<\/div>\n\t\t\t\t<\/div>\n\t\t\t\t\t<\/div>\n\t\t<\/div>\n\t\t\t\t\t<\/div>\n\t\t<\/section>\n\t\t\t\t\t<\/div>\n\t\t<\/div>\n\t\t\t\t\t<\/div>\n\t\t<\/section>\n\t\t\t\t<\/div>\n\t\t","protected":false},"excerpt":{"rendered":"<p>G\u00ceTES \u00c0 ORDINO\u2026<\/p>\n","protected":false},"author":1,"featured_media":0,"parent":0,"menu_order":1,"comment_status":"closed","ping_status":"closed","template":"","meta":{"footnotes":""},"class_list":["post-1795","page","type-page","status-publish","hentry"],"yoast_head":"<!-- This site is optimized with the Yoast SEO plugin v24.1 - https:\/\/yoast.com\/wordpress\/plugins\/seo\/ -->\n<title>G\u00eetes rurales \u00e0 Vallnord - H\u00e9bergement rural \u00e0 Vallnord<\/title>\n<meta name=\"description\" content=\"Skiez \u00e0 Vallnord ou faites du trekking dans les montagnes d&#039;Andorre lors de votre s\u00e9jour dans une maison rurales typique du pays. R\u00e9servez d\u00e8s maintenant!\" \/>\n<meta name=\"robots\" content=\"index, follow, max-snippet:-1, max-image-preview:large, max-video-preview:-1\" \/>\n<link rel=\"canonical\" href=\"https:\/\/rderural.com\/fr\/gites-a-vallnord\/\" \/>\n<meta property=\"og:locale\" content=\"fr_FR\" \/>\n<meta property=\"og:type\" content=\"article\" \/>\n<meta property=\"og:title\" content=\"G\u00eetes rurales \u00e0 Vallnord - H\u00e9bergement rural \u00e0 Vallnord\" \/>\n<meta property=\"og:description\" content=\"Skiez \u00e0 Vallnord ou faites du trekking dans les montagnes d&#039;Andorre lors de votre s\u00e9jour dans une maison rurales typique du pays. R\u00e9servez d\u00e8s maintenant!\" \/>\n<meta property=\"og:url\" content=\"https:\/\/rderural.com\/fr\/gites-a-vallnord\/\" \/>\n<meta property=\"og:site_name\" content=\"R de Rural\" \/>\n<meta property=\"article:modified_time\" content=\"2022-12-20T21:56:18+00:00\" \/>\n<meta property=\"og:image\" content=\"http:\/\/rderural.com\/wp-content\/uploads\/2017\/12\/mariola-PT5B1101_RETOCADA-380x380-1.jpg\" \/>\n<meta name=\"twitter:card\" content=\"summary_large_image\" \/>\n<meta name=\"twitter:label1\" content=\"Dur\u00e9e de lecture estim\u00e9e\" \/>\n\t<meta name=\"twitter:data1\" content=\"2 minutes\" \/>\n<script type=\"application\/ld+json\" class=\"yoast-schema-graph\">{\"@context\":\"https:\/\/schema.org\",\"@graph\":[{\"@type\":\"WebPage\",\"@id\":\"https:\/\/rderural.com\/fr\/gites-a-vallnord\/\",\"url\":\"https:\/\/rderural.com\/fr\/gites-a-vallnord\/\",\"name\":\"G\u00eetes rurales \u00e0 Vallnord - H\u00e9bergement rural \u00e0 Vallnord\",\"isPartOf\":{\"@id\":\"https:\/\/rderural.com\/fr\/#website\"},\"primaryImageOfPage\":{\"@id\":\"https:\/\/rderural.com\/fr\/gites-a-vallnord\/#primaryimage\"},\"image\":{\"@id\":\"https:\/\/rderural.com\/fr\/gites-a-vallnord\/#primaryimage\"},\"thumbnailUrl\":\"http:\/\/rderural.com\/wp-content\/uploads\/2017\/12\/mariola-PT5B1101_RETOCADA-380x380-1.jpg\",\"datePublished\":\"2022-12-12T23:34:34+00:00\",\"dateModified\":\"2022-12-20T21:56:18+00:00\",\"description\":\"Skiez \u00e0 Vallnord ou faites du trekking dans les montagnes d'Andorre lors de votre s\u00e9jour dans une maison rurales typique du pays. R\u00e9servez d\u00e8s maintenant!\",\"breadcrumb\":{\"@id\":\"https:\/\/rderural.com\/fr\/gites-a-vallnord\/#breadcrumb\"},\"inLanguage\":\"fr-FR\",\"potentialAction\":[{\"@type\":\"ReadAction\",\"target\":[\"https:\/\/rderural.com\/fr\/gites-a-vallnord\/\"]}]},{\"@type\":\"ImageObject\",\"inLanguage\":\"fr-FR\",\"@id\":\"https:\/\/rderural.com\/fr\/gites-a-vallnord\/#primaryimage\",\"url\":\"http:\/\/rderural.com\/wp-content\/uploads\/2017\/12\/mariola-PT5B1101_RETOCADA-380x380-1.jpg\",\"contentUrl\":\"http:\/\/rderural.com\/wp-content\/uploads\/2017\/12\/mariola-PT5B1101_RETOCADA-380x380-1.jpg\"},{\"@type\":\"BreadcrumbList\",\"@id\":\"https:\/\/rderural.com\/fr\/gites-a-vallnord\/#breadcrumb\",\"itemListElement\":[{\"@type\":\"ListItem\",\"position\":1,\"name\":\"Portada\",\"item\":\"https:\/\/rderural.com\/fr\/\"},{\"@type\":\"ListItem\",\"position\":2,\"name\":\"G\u00eetes \u00e0 Vallnord\"}]},{\"@type\":\"WebSite\",\"@id\":\"https:\/\/rderural.com\/fr\/#website\",\"url\":\"https:\/\/rderural.com\/fr\/\",\"name\":\"R de Rural\",\"description\":\"Maisons d'h\u00f4tes en Andorre\",\"publisher\":{\"@id\":\"https:\/\/rderural.com\/fr\/#organization\"},\"potentialAction\":[{\"@type\":\"SearchAction\",\"target\":{\"@type\":\"EntryPoint\",\"urlTemplate\":\"https:\/\/rderural.com\/fr\/?s={search_term_string}\"},\"query-input\":{\"@type\":\"PropertyValueSpecification\",\"valueRequired\":true,\"valueName\":\"search_term_string\"}}],\"inLanguage\":\"fr-FR\"},{\"@type\":\"Organization\",\"@id\":\"https:\/\/rderural.com\/fr\/#organization\",\"name\":\"R de Rural\",\"url\":\"https:\/\/rderural.com\/fr\/\",\"logo\":{\"@type\":\"ImageObject\",\"inLanguage\":\"fr-FR\",\"@id\":\"https:\/\/rderural.com\/fr\/#\/schema\/logo\/image\/\",\"url\":\"https:\/\/rderural.com\/wp-content\/uploads\/2022\/12\/logoRdeRural-120x100-1.png\",\"contentUrl\":\"https:\/\/rderural.com\/wp-content\/uploads\/2022\/12\/logoRdeRural-120x100-1.png\",\"width\":120,\"height\":100,\"caption\":\"R de Rural\"},\"image\":{\"@id\":\"https:\/\/rderural.com\/fr\/#\/schema\/logo\/image\/\"}}]}<\/script>\n<!-- \/ Yoast SEO plugin. -->","yoast_head_json":{"title":"G\u00eetes rurales \u00e0 Vallnord - H\u00e9bergement rural \u00e0 Vallnord","description":"Skiez \u00e0 Vallnord ou faites du trekking dans les montagnes d'Andorre lors de votre s\u00e9jour dans une maison rurales typique du pays. R\u00e9servez d\u00e8s maintenant!","robots":{"index":"index","follow":"follow","max-snippet":"max-snippet:-1","max-image-preview":"max-image-preview:large","max-video-preview":"max-video-preview:-1"},"canonical":"https:\/\/rderural.com\/fr\/gites-a-vallnord\/","og_locale":"fr_FR","og_type":"article","og_title":"G\u00eetes rurales \u00e0 Vallnord - H\u00e9bergement rural \u00e0 Vallnord","og_description":"Skiez \u00e0 Vallnord ou faites du trekking dans les montagnes d'Andorre lors de votre s\u00e9jour dans une maison rurales typique du pays. R\u00e9servez d\u00e8s maintenant!","og_url":"https:\/\/rderural.com\/fr\/gites-a-vallnord\/","og_site_name":"R de Rural","article_modified_time":"2022-12-20T21:56:18+00:00","og_image":[{"url":"http:\/\/rderural.com\/wp-content\/uploads\/2017\/12\/mariola-PT5B1101_RETOCADA-380x380-1.jpg","type":"","width":"","height":""}],"twitter_card":"summary_large_image","twitter_misc":{"Dur\u00e9e de lecture estim\u00e9e":"2 minutes"},"schema":{"@context":"https:\/\/schema.org","@graph":[{"@type":"WebPage","@id":"https:\/\/rderural.com\/fr\/gites-a-vallnord\/","url":"https:\/\/rderural.com\/fr\/gites-a-vallnord\/","name":"G\u00eetes rurales \u00e0 Vallnord - H\u00e9bergement rural \u00e0 Vallnord","isPartOf":{"@id":"https:\/\/rderural.com\/fr\/#website"},"primaryImageOfPage":{"@id":"https:\/\/rderural.com\/fr\/gites-a-vallnord\/#primaryimage"},"image":{"@id":"https:\/\/rderural.com\/fr\/gites-a-vallnord\/#primaryimage"},"thumbnailUrl":"http:\/\/rderural.com\/wp-content\/uploads\/2017\/12\/mariola-PT5B1101_RETOCADA-380x380-1.jpg","datePublished":"2022-12-12T23:34:34+00:00","dateModified":"2022-12-20T21:56:18+00:00","description":"Skiez \u00e0 Vallnord ou faites du trekking dans les montagnes d'Andorre lors de votre s\u00e9jour dans une maison rurales typique du pays. R\u00e9servez d\u00e8s maintenant!","breadcrumb":{"@id":"https:\/\/rderural.com\/fr\/gites-a-vallnord\/#breadcrumb"},"inLanguage":"fr-FR","potentialAction":[{"@type":"ReadAction","target":["https:\/\/rderural.com\/fr\/gites-a-vallnord\/"]}]},{"@type":"ImageObject","inLanguage":"fr-FR","@id":"https:\/\/rderural.com\/fr\/gites-a-vallnord\/#primaryimage","url":"http:\/\/rderural.com\/wp-content\/uploads\/2017\/12\/mariola-PT5B1101_RETOCADA-380x380-1.jpg","contentUrl":"http:\/\/rderural.com\/wp-content\/uploads\/2017\/12\/mariola-PT5B1101_RETOCADA-380x380-1.jpg"},{"@type":"BreadcrumbList","@id":"https:\/\/rderural.com\/fr\/gites-a-vallnord\/#breadcrumb","itemListElement":[{"@type":"ListItem","position":1,"name":"Portada","item":"https:\/\/rderural.com\/fr\/"},{"@type":"ListItem","position":2,"name":"G\u00eetes \u00e0 Vallnord"}]},{"@type":"WebSite","@id":"https:\/\/rderural.com\/fr\/#website","url":"https:\/\/rderural.com\/fr\/","name":"R de Rural","description":"Maisons d'h\u00f4tes en Andorre","publisher":{"@id":"https:\/\/rderural.com\/fr\/#organization"},"potentialAction":[{"@type":"SearchAction","target":{"@type":"EntryPoint","urlTemplate":"https:\/\/rderural.com\/fr\/?s={search_term_string}"},"query-input":{"@type":"PropertyValueSpecification","valueRequired":true,"valueName":"search_term_string"}}],"inLanguage":"fr-FR"},{"@type":"Organization","@id":"https:\/\/rderural.com\/fr\/#organization","name":"R de Rural","url":"https:\/\/rderural.com\/fr\/","logo":{"@type":"ImageObject","inLanguage":"fr-FR","@id":"https:\/\/rderural.com\/fr\/#\/schema\/logo\/image\/","url":"https:\/\/rderural.com\/wp-content\/uploads\/2022\/12\/logoRdeRural-120x100-1.png","contentUrl":"https:\/\/rderural.com\/wp-content\/uploads\/2022\/12\/logoRdeRural-120x100-1.png","width":120,"height":100,"caption":"R de Rural"},"image":{"@id":"https:\/\/rderural.com\/fr\/#\/schema\/logo\/image\/"}}]}},"_links":{"self":[{"href":"https:\/\/rderural.com\/fr\/wp-json\/wp\/v2\/pages\/1795","targetHints":{"allow":["GET"]}}],"collection":[{"href":"https:\/\/rderural.com\/fr\/wp-json\/wp\/v2\/pages"}],"about":[{"href":"https:\/\/rderural.com\/fr\/wp-json\/wp\/v2\/types\/page"}],"author":[{"embeddable":true,"href":"https:\/\/rderural.com\/fr\/wp-json\/wp\/v2\/users\/1"}],"replies":[{"embeddable":true,"href":"https:\/\/rderural.com\/fr\/wp-json\/wp\/v2\/comments?post=1795"}],"version-history":[{"count":10,"href":"https:\/\/rderural.com\/fr\/wp-json\/wp\/v2\/pages\/1795\/revisions"}],"predecessor-version":[{"id":2061,"href":"https:\/\/rderural.com\/fr\/wp-json\/wp\/v2\/pages\/1795\/revisions\/2061"}],"wp:attachment":[{"href":"https:\/\/rderural.com\/fr\/wp-json\/wp\/v2\/media?parent=1795"}],"curies":[{"name":"wp","href":"https:\/\/api.w.org\/{rel}","templated":true}]}}