{"id":70,"date":"2017-12-01T20:43:43","date_gmt":"2017-12-01T20:43:43","guid":{"rendered":"https:\/\/import.themovation.com\/bellevue2\/hotel\/?page_id=257"},"modified":"2022-12-20T15:03:24","modified_gmt":"2022-12-20T15:03:24","slug":"inicio","status":"publish","type":"page","link":"https:\/\/rderural.com\/es\/","title":{"rendered":"Inicio"},"content":{"rendered":"\t\t<div data-elementor-type=\"wp-post\" data-elementor-id=\"70\" class=\"elementor elementor-70\">\n\t\t\t\t\t\t<section class=\"elementor-section elementor-top-section elementor-element elementor-element-7f113b65 elementor-section-full_width elementor-section-height-min-height elementor-section-height-default elementor-section-items-middle\" data-id=\"7f113b65\" data-element_type=\"section\" data-settings=\"{&quot;background_background&quot;:&quot;classic&quot;}\">\n\t\t\t\t\t\t\t<div class=\"elementor-background-overlay\"><\/div>\n\t\t\t\t\t\t\t<div class=\"elementor-container elementor-column-gap-default\">\n\t\t\t\t\t<div class=\"elementor-column elementor-col-100 elementor-top-column elementor-element elementor-element-476d30e2\" data-id=\"476d30e2\" data-element_type=\"column\">\n\t\t\t<div class=\"elementor-widget-wrap elementor-element-populated\">\n\t\t\t\t\t\t<div class=\"elementor-element elementor-element-1b6d5b6f elementor-widget elementor-widget-spacer\" data-id=\"1b6d5b6f\" data-element_type=\"widget\" data-widget_type=\"spacer.default\">\n\t\t\t\t<div class=\"elementor-widget-container\">\n\t\t\t\t\t\t\t<div class=\"elementor-spacer\">\n\t\t\t<div class=\"elementor-spacer-inner\"><\/div>\n\t\t<\/div>\n\t\t\t\t\t\t<\/div>\n\t\t\t\t<\/div>\n\t\t\t\t<section class=\"elementor-section elementor-inner-section elementor-element elementor-element-7103a9cd elementor-section-boxed elementor-section-height-default elementor-section-height-default\" data-id=\"7103a9cd\" data-element_type=\"section\">\n\t\t\t\t\t\t<div class=\"elementor-container elementor-column-gap-wider\">\n\t\t\t\t\t<div class=\"elementor-column elementor-col-50 elementor-inner-column elementor-element elementor-element-1499e6fd\" data-id=\"1499e6fd\" data-element_type=\"column\">\n\t\t\t<div class=\"elementor-widget-wrap elementor-element-populated\">\n\t\t\t\t\t\t<div class=\"elementor-element elementor-element-487409b9 elementor-view-default elementor-position-top elementor-widget elementor-widget-themo-header\" data-id=\"487409b9\" data-element_type=\"widget\" data-widget_type=\"themo-header.default\">\n\t\t\t\t<div class=\"elementor-widget-container\">\n\t\t\t\t\t\t\t<div class=\"th-header-wrap\">\n        <div class=\"elementor-icon-box-wrapper \">\n                            <div class=\"elementor-icon-box-content\">\n                    <h1 class=\"elementor-icon-box-title\">\n                        CASAS RURALES EN ANDORRA                    <\/h1>\n                                        <p class=\"elementor-icon-box-description\">Alojamientos rurales con todas las comodidades y servicios<\/p>\n\n                                    <\/div>\n            <\/div>\n\n        <\/div>\n\n\t\t\t\t\t\t<\/div>\n\t\t\t\t<\/div>\n\t\t\t\t\t<\/div>\n\t\t<\/div>\n\t\t\t\t<div class=\"elementor-column elementor-col-50 elementor-inner-column elementor-element elementor-element-5919d157\" data-id=\"5919d157\" data-element_type=\"column\">\n\t\t\t<div class=\"elementor-widget-wrap elementor-element-populated\">\n\t\t\t\t<!-- Themovaiton Sidebar Wrap before --><div class=\"sidebar th-widget-area th-sidebar-widget\">\t\t<div class=\"elementor-element elementor-element-7f5ebf6 elementor-widget elementor-widget-sidebar\" data-id=\"7f5ebf6\" data-element_type=\"widget\" data-widget_type=\"sidebar.default\">\n\t\t\t\t<div class=\"elementor-widget-container\">\n\t\t\t\t\t<section class=\"widget my_widget-2 my_widget\"><div class=\"widget-inner\"> <div class=\"booking-wrap booking-hero\" style=\"right: 389.5px; display: block;\"><h3 class=\"widget-title\">titulo<\/h3><head>\n\t<link rel=\"stylesheet\" type=\"text\/css\" href=\"https:\/\/rderural.com\/wp-content\/plugins\/my-widget\/code\/dhtmlxcalendar.css\"\/>\n    <link rel=\"stylesheet\" type=\"text\/css\" href=\"https:\/\/rderural.com\/wp-content\/plugins\/my-widget\/code\/form.css\"\/>\n\t<script src=\"https:\/\/rderural.com\/wp-content\/plugins\/my-widget\/code\/dhtmlxcalendar.js\"><\/script>\n\t<style>\n\t\tinput#date_from, input#date_to {\n\t\t\tborder: 1px solid #dfdfdf;\n\t\t\tfont-family: Roboto, Arial, Helvetica;\n\t\t\tfont-size: 14px;\n\t\t\tcolor: #404040;\n\t\t\tbackground-color: #fafafa;\n\t\t\tborder: #c0c0c0 1px solid;\n\t\t\twidth: 100px;\n\t\t}\n\t\tspan.label {\n\t\t\tfont-family: Roboto, Arial, Helvetica;\n\t\t\tfont-size: 14px !important;\n\t\t\tcolor: #404040;\n\t\t}\n\t<\/style>\n\t<script>\n\tvar today = new Date();\nvar dd = today.getDate();\nvar mm = today.getMonth()+1; \/\/January is 0!\nvar yyyy = today.getFullYear();\n\nif(dd<10) {\n    dd='0'+dd\n} \n\nif(mm<10) {\n    mm='0'+mm\n} \n\ntoday = dd+'-'+mm+'-'+yyyy;\n\n\n\t\tvar myCalendar;\n\t\tfunction doOnLoad() {\n\t\t\tmyCalendar = new dhtmlXCalendarObject([\"date_from\",\"date_to\"]);\n\t\t\tmyCalendar.setDate(today);\n\t\t\tmyCalendar.hideTime();\n\t\t\t\/\/ init values\n\t\t\tvar t = new Date();\n\t\t\tbyId(\"date_from\").value = \"\";\n\t\t\tbyId(\"date_to\").value = \"\";\n\t\t}\n\t\t\n\t\tfunction setFrom() {\n\t\t\tmyCalendar.setSensitiveRange(today,null);\n\t\t\t\/\/myCalendar.setInsensitiveRange(null,\"2011-07-07\"); \/\/ the same\n\t\t}\n\t\t\n\t\tfunction setSens(id, k) {\n\t\t\t\/\/ update range\n\t\t\tif (k == \"min\") {\n\t\t\t\tmyCalendar.setSensitiveRange(byId(id).value, null);\n\t\t\t} else {\n\t\t\t\tmyCalendar.setSensitiveRange(null, byId(id).value);\n\t\t\t}\n\t\t}\n\t\tfunction byId(id) {\n\t\t\treturn document.getElementById(id);\n\t\t}\n\t<\/script>\n    \n<\/head>\n<body onLoad=\"doOnLoad();setSens('date_from', 'max');\">\n<div class=\"booking-wrap booking-hero\" style=\"right: 390px; display: block;\">\n<h3 style=\"color:#CCC\">Haz tu reserva<\/h3>\n<form id=\"form\" class=\"form-horizontal\" action=\"https:\/\/engine.witbooking.com\/rderural\/es\/availability\">\n\t<input type=\"text\" id=\"date_from\" name=\"datein\" class=\"datepicker hasDatepicker\" placeholder=\"llegada\" onClick=\"setFrom();\">\n\t<input type=\"text\" id=\"date_to\" name=\"dateout\"  placeholder=\"salida\" onClick=\"setSens('date_from', 'min');\">\n    <select class=\"select2\" id=\"select\" name=\"adults\">\n        <option value=\"2\" selected>\n         adultos\n        <\/option>\n        <option value=\"1\">\n         1\n        <\/option>\n        <option value=\"2\">\n         2\n        <\/option>\n        <option value=\"3\">\n         3\n        <\/option>\n        <option value=\"4\">\n         4\n        <\/option>\n        <option value=\"5\">\n         5\n        <\/option>\n        <option value=\"6\">\n         6\n        <\/option>\n        <option value=\"7\">\n         7\n        <\/option>\n       <\/select>\n       <select class=\"select2\" id=\"select\" name=\"ninos\" placeholder=\"ni\u00f1os\">\n        <option value=\"0\" selected>\n         ni\u00f1os\n        <\/option>\n        <option value=\"1\">\n         1\n        <\/option>\n        <option value=\"2\">\n         2\n        <\/option>\n        <option value=\"3\">\n         3\n        <\/option>\n        <option value=\"4\">\n         4\n        <\/option>\n        <option value=\"5\">\n         5\n        <\/option>\n        <option value=\"6\">\n         6\n        <\/option>\n        <option value=\"7\">\n         7\n        <\/option>\n       <\/select>\n       \n       <button class=\"btn btn-default btn-lg\" type=\"submit\" onClick=\"myFunction()\">\n        reservar\n       <\/button>\n   <\/form>\n   \n   <\/div>\n\n<script>\nfunction myFunction() {\n    document.getElementById(\"form\").submit();\n}\n<\/script>\n  \n<\/body>\n <\/div><\/div><\/section>\t\t\t\t<\/div>\n\t\t\t\t<\/div>\n\t\t<\/div><!-- Themovaiton Sidebar Wrap after -->\t\t\t<\/div>\n\t\t<\/div>\n\t\t\t\t\t<\/div>\n\t\t<\/section>\n\t\t\t\t<div class=\"elementor-element elementor-element-6d14406 elementor-widget elementor-widget-spacer\" data-id=\"6d14406\" data-element_type=\"widget\" data-widget_type=\"spacer.default\">\n\t\t\t\t<div class=\"elementor-widget-container\">\n\t\t\t\t\t\t\t<div class=\"elementor-spacer\">\n\t\t\t<div class=\"elementor-spacer-inner\"><\/div>\n\t\t<\/div>\n\t\t\t\t\t\t<\/div>\n\t\t\t\t<\/div>\n\t\t\t\t\t<\/div>\n\t\t<\/div>\n\t\t\t\t\t<\/div>\n\t\t<\/section>\n\t\t\t\t<section class=\"elementor-section elementor-top-section elementor-element elementor-element-4f6737c0 elementor-section-boxed elementor-section-height-default elementor-section-height-default\" data-id=\"4f6737c0\" data-element_type=\"section\" data-settings=\"{&quot;background_background&quot;:&quot;classic&quot;}\">\n\t\t\t\t\t\t<div class=\"elementor-container elementor-column-gap-default\">\n\t\t\t\t\t<div class=\"elementor-column elementor-col-100 elementor-top-column elementor-element elementor-element-417c5957\" data-id=\"417c5957\" data-element_type=\"column\">\n\t\t\t<div class=\"elementor-widget-wrap elementor-element-populated\">\n\t\t\t\t\t\t<div class=\"elementor-element elementor-element-1c8cbc24 elementor-widget elementor-widget-menu-anchor\" data-id=\"1c8cbc24\" data-element_type=\"widget\" data-widget_type=\"menu-anchor.default\">\n\t\t\t\t<div class=\"elementor-widget-container\">\n\t\t\t\t\t\t\t<div class=\"elementor-menu-anchor\" id=\"rooms\"><\/div>\n\t\t\t\t\t\t<\/div>\n\t\t\t\t<\/div>\n\t\t\t\t<div class=\"elementor-element elementor-element-16e90536 elementor-widget elementor-widget-spacer\" data-id=\"16e90536\" data-element_type=\"widget\" data-widget_type=\"spacer.default\">\n\t\t\t\t<div class=\"elementor-widget-container\">\n\t\t\t\t\t\t\t<div class=\"elementor-spacer\">\n\t\t\t<div class=\"elementor-spacer-inner\"><\/div>\n\t\t<\/div>\n\t\t\t\t\t\t<\/div>\n\t\t\t\t<\/div>\n\t\t\t\t<div class=\"elementor-element elementor-element-54ca99b2 elementor-view-default elementor-position-top elementor-widget elementor-widget-themo-header\" data-id=\"54ca99b2\" data-element_type=\"widget\" data-widget_type=\"themo-header.default\">\n\t\t\t\t<div class=\"elementor-widget-container\">\n\t\t\t\t\t\t\t<div class=\"th-header-wrap\">\n        <div class=\"elementor-icon-box-wrapper \">\n                            <div class=\"elementor-icon-box-content\">\n                    <h2 class=\"elementor-icon-box-title\">\n                        NUESTRAS CASAS RURALES EN ANDORRA                    <\/h2>\n                                            <span class=\"th-header-divider\"><\/span>\n                                        <p class=\"elementor-icon-box-description\">Te damos la bienvenida al lugar donde el ayer y el hoy se entrelazan para crear una experiencia que perdurar\u00e1 en el recuerdo.<\/p>\n\n                                    <\/div>\n            <\/div>\n\n        <\/div>\n\n\t\t\t\t\t\t<\/div>\n\t\t\t\t<\/div>\n\t\t\t\t<div class=\"elementor-element elementor-element-211cd7f elementor-widget elementor-widget-themo-room-grid\" data-id=\"211cd7f\" data-element_type=\"widget\" data-widget_type=\"themo-room-grid.default\">\n\t\t\t\t<div class=\"elementor-widget-container\">\n\t\t\t\t\t\n                <div id=\"th-portfolio-content-69f256af71ff8\" class=\"th-portfolio\">\n\n            \n            <div id=\"th-portfolio-row\" class=\"th-portfolio-row row portfolio_content  three-columns th-port-gutter\">\n\n                                        <div id=\"post-1909\" class=\"th-portfolio-item item col-md-4 col-sm-6 post-1909 themo_room type-themo_room status-publish format-standard has-post-thumbnail hentry\">\n\n                                                        <div class=\"th-port-wrap\">\n                                                            <img fetchpriority=\"high\" decoding=\"async\" width=\"380\" height=\"380\" src=\"https:\/\/rderural.com\/wp-content\/uploads\/2022\/12\/experiencia-andorra-1.jpg\" class=\"img-responsive th-port-img wp-post-image\" alt=\"\" \/>                                                                <div class=\"th-port-overlay\"><\/div>\n                                <div class=\"th-port-inner\">\n                                                                        <div class=\"th-port-center\">\n                                        <h3 class=\"th-port-title\">ANDORRA A LA CARTA<\/h3>\n                                        <p class=\"th-port-sub th-else\">Te preparamos tus vacanciones<\/p>\n                                        <div class=\"th-pricing-cost\">\u00a1Mira las opciones!<\/div>\n                                                                            <\/div>\n                                    <a href=\"https:\/\/rderural.com\/es\/casa\/andorra-a-la-carta\/\" class=\"th-port-link\" ><\/a>                                <\/div>\n                            <\/div>\n                                                    <\/div>\n                                                <div id=\"post-1911\" class=\"th-portfolio-item item col-md-4 col-sm-6 post-1911 themo_room type-themo_room status-publish format-standard has-post-thumbnail hentry\">\n\n                                                        <div class=\"th-port-wrap\">\n                                                            <img decoding=\"async\" width=\"380\" height=\"380\" src=\"https:\/\/rderural.com\/wp-content\/uploads\/2022\/12\/cistella-regal-1.jpg\" class=\"img-responsive th-port-img wp-post-image\" alt=\"\" \/>                                                                <div class=\"th-port-overlay\"><\/div>\n                                <div class=\"th-port-inner\">\n                                                                        <div class=\"th-port-center\">\n                                        <h3 class=\"th-port-title\">VENTAJAS EXCLUSIVAS<\/h3>\n                                        <p class=\"th-port-sub th-else\">reservando en nuestra web<\/p>\n                                        <div class=\"th-pricing-cost\">\u00a1Desc\u00fabrelas!<\/div>\n                                                                            <\/div>\n                                    <a href=\"https:\/\/rderural.com\/es\/casa\/avantatges-exclusius\/\" class=\"th-port-link\" ><\/a>                                <\/div>\n                            <\/div>\n                                                    <\/div>\n                                                <div id=\"post-36\" class=\"th-portfolio-item item col-md-4 col-sm-6 p-casas-en-grandvalira post-36 themo_room type-themo_room status-publish format-standard has-post-thumbnail hentry themo_room_type-casas-en-grandvalira\">\n\n                                                        <div class=\"th-port-wrap\">\n                                                            <img decoding=\"async\" width=\"380\" height=\"380\" src=\"https:\/\/rderural.com\/wp-content\/uploads\/2017\/12\/Arnes-380x380-1.jpg\" class=\"img-responsive th-port-img wp-post-image\" alt=\"\" \/>                                                                <div class=\"th-port-overlay\"><\/div>\n                                <div class=\"th-port-inner\">\n                                                                        <div class=\"th-port-center\">\n                                        <h3 class=\"th-port-title\">CASA RURAL DE LES ARNES<\/h3>\n                                        <p class=\"th-port-sub th-else\">M\u00e1ximo 4 personas<br> Casco Antiguo Encamp<\/p>\n                                        <div class=\"th-pricing-cost\">195\u20ac<span>\/d\u00eda<\/span><\/div>\n                                                                            <\/div>\n                                    <a href=\"https:\/\/rderural.com\/es\/casa\/casa-rural-arnes\/\" class=\"th-port-link\" ><\/a>                                <\/div>\n                            <\/div>\n                                                    <\/div>\n                                                <div id=\"post-33\" class=\"th-portfolio-item item col-md-4 col-sm-6 p-casas-en-vallnord post-33 themo_room type-themo_room status-publish format-standard has-post-thumbnail hentry themo_room_type-casas-en-vallnord\">\n\n                                                        <div class=\"th-port-wrap\">\n                                                            <img loading=\"lazy\" decoding=\"async\" width=\"380\" height=\"380\" src=\"https:\/\/rderural.com\/wp-content\/uploads\/2017\/12\/mariola-PT5B1101_RETOCADA-380x380-1.jpg\" class=\"img-responsive th-port-img wp-post-image\" alt=\"\" \/>                                                                <div class=\"th-port-overlay\"><\/div>\n                                <div class=\"th-port-inner\">\n                                                                        <div class=\"th-port-center\">\n                                        <h3 class=\"th-port-title\">CASA MARIOLA<\/h3>\n                                        <p class=\"th-port-sub th-else\">M\u00e1ximo 5 personas<br> Sorn\u00e0s (Ordino)<\/p>\n                                        <div class=\"th-pricing-cost\">\u20ac195<span>\/d\u00eda<\/span><\/div>\n                                                                            <\/div>\n                                    <a href=\"https:\/\/rderural.com\/es\/casa\/casa-mariola\/\" class=\"th-port-link\" ><\/a>                                <\/div>\n                            <\/div>\n                                                    <\/div>\n                                                <div id=\"post-34\" class=\"th-portfolio-item item col-md-4 col-sm-6 p-casas-en-vallnord post-34 themo_room type-themo_room status-publish format-standard has-post-thumbnail hentry themo_room_type-casas-en-vallnord\">\n\n                                                        <div class=\"th-port-wrap\">\n                                                            <img loading=\"lazy\" decoding=\"async\" width=\"380\" height=\"380\" src=\"https:\/\/rderural.com\/wp-content\/uploads\/2017\/12\/R-de-Rural-Martin-Imatge-6686-era-380x380-1.jpg\" class=\"img-responsive th-port-img wp-post-image\" alt=\"\" \/>                                                                <div class=\"th-port-overlay\"><\/div>\n                                <div class=\"th-port-inner\">\n                                                                        <div class=\"th-port-center\">\n                                        <h3 class=\"th-port-title\">CASA RURAL ERA MARIOLA<\/h3>\n                                        <p class=\"th-port-sub th-else\">M\u00e1ximo 4 personas<br> Sorn\u00e0s (Ordino)<\/p>\n                                        <div class=\"th-pricing-cost\">140\u20ac<span>\/d\u00eda<\/span><\/div>\n                                                                            <\/div>\n                                    <a href=\"https:\/\/rderural.com\/es\/casa\/casa-rural-era-mariola\/\" class=\"th-port-link\" ><\/a>                                <\/div>\n                            <\/div>\n                                                    <\/div>\n                                                <div id=\"post-35\" class=\"th-portfolio-item item col-md-4 col-sm-6 p-casas-en-grandvalira post-35 themo_room type-themo_room status-publish format-standard has-post-thumbnail hentry themo_room_type-casas-en-grandvalira\">\n\n                                                        <div class=\"th-port-wrap\">\n                                                            <img loading=\"lazy\" decoding=\"async\" width=\"380\" height=\"380\" src=\"https:\/\/rderural.com\/wp-content\/uploads\/2017\/12\/molla_PT5B1035_RETOCADA-380x380-1.jpg\" class=\"img-responsive th-port-img wp-post-image\" alt=\"\" \/>                                                                <div class=\"th-port-overlay\"><\/div>\n                                <div class=\"th-port-inner\">\n                                                                        <div class=\"th-port-center\">\n                                        <h3 class=\"th-port-title\">BORDA DEL MOLL\u00c0<\/h3>\n                                        <p class=\"th-port-sub th-else\">M\u00e1ximo 5 personas<br> Els Cortals (Encamp)<\/p>\n                                        <div class=\"th-pricing-cost\">210\u20ac<span>\/d\u00eda<\/span><\/div>\n                                                                            <\/div>\n                                    <a href=\"https:\/\/rderural.com\/es\/casa\/borda-del-molla\/\" class=\"th-port-link\" ><\/a>                                <\/div>\n                            <\/div>\n                                                    <\/div>\n                        \n            <\/div>\n\n        <\/div>\n\n        \t\t\t\t<\/div>\n\t\t\t\t<\/div>\n\t\t\t\t<div class=\"elementor-element elementor-element-16fe7750 elementor-widget elementor-widget-spacer\" data-id=\"16fe7750\" data-element_type=\"widget\" data-widget_type=\"spacer.default\">\n\t\t\t\t<div class=\"elementor-widget-container\">\n\t\t\t\t\t\t\t<div class=\"elementor-spacer\">\n\t\t\t<div class=\"elementor-spacer-inner\"><\/div>\n\t\t<\/div>\n\t\t\t\t\t\t<\/div>\n\t\t\t\t<\/div>\n\t\t\t\t\t<\/div>\n\t\t<\/div>\n\t\t\t\t\t<\/div>\n\t\t<\/section>\n\t\t\t\t<section class=\"elementor-section elementor-top-section elementor-element elementor-element-4cfc273c elementor-section-boxed elementor-section-height-default elementor-section-height-default\" data-id=\"4cfc273c\" data-element_type=\"section\" data-settings=\"{&quot;background_background&quot;:&quot;classic&quot;}\">\n\t\t\t\t\t\t<div class=\"elementor-container elementor-column-gap-wider\">\n\t\t\t\t\t<div class=\"elementor-column elementor-col-100 elementor-top-column elementor-element elementor-element-1ef41b5e\" data-id=\"1ef41b5e\" data-element_type=\"column\">\n\t\t\t<div class=\"elementor-widget-wrap elementor-element-populated\">\n\t\t\t\t\t\t<div class=\"elementor-element elementor-element-6d32543f elementor-widget elementor-widget-themo-call-to-action\" data-id=\"6d32543f\" data-element_type=\"widget\" data-widget_type=\"themo-call-to-action.default\">\n\t\t\t\t<div class=\"elementor-widget-container\">\n\t\t\t\t\t\t\t<div class=\"th-cta\">\n\t\t\t\t\t        <div class=\"th-cta-text\">\n\t\t            <span>Vive tu escapada a Andorra con nosotros<\/span>\n\t\t        <\/div>\n\t\t    \n                        <div class=\"th-cta-btn\">\n\n                                    <a class=\"btn-1 btn th-btn btn-cta-primary\" href=\"https:\/\/engine.witbooking.com\/rderural\/es\/availability\" target=\"_blank\">\n                                                    Reservar                                            <\/a>\n                \n                            <\/div>\n            \t\t<\/div>\n\t\t\t\t\t\t<\/div>\n\t\t\t\t<\/div>\n\t\t\t\t\t<\/div>\n\t\t<\/div>\n\t\t\t\t\t<\/div>\n\t\t<\/section>\n\t\t\t\t<section class=\"th-parallax elementor-section elementor-top-section elementor-element elementor-element-1b678269 elementor-section-content-middle elementor-section-boxed elementor-section-height-default elementor-section-height-default\" data-parallax=\"scroll\" data-image-src=\"http:\/\/rderural.com\/wp-content\/uploads\/2022\/12\/animals-companyia.jpg\" data-id=\"1b678269\" data-element_type=\"section\" data-settings=\"{&quot;background_background&quot;:&quot;classic&quot;}\">\n\t\t\t\t\t\t<div class=\"elementor-container elementor-column-gap-no\">\n\t\t\t\t\t<div class=\"elementor-column elementor-col-100 elementor-top-column elementor-element elementor-element-24d93a8e\" data-id=\"24d93a8e\" data-element_type=\"column\">\n\t\t\t<div class=\"elementor-widget-wrap elementor-element-populated\">\n\t\t\t\t\t\t<div class=\"elementor-element elementor-element-c393d7e elementor-view-default elementor-position-top elementor-widget elementor-widget-themo-header\" data-id=\"c393d7e\" data-element_type=\"widget\" data-widget_type=\"themo-header.default\">\n\t\t\t\t<div class=\"elementor-widget-container\">\n\t\t\t\t\t\t\t<div class=\"th-header-wrap\">\n        <div class=\"elementor-icon-box-wrapper \">\n                            <div class=\"elementor-icon-box-content\">\n                    <h3 class=\"elementor-icon-box-title\">\n                        ANIMALES BIENVENIDOS                    <\/h3>\n                                            <span class=\"th-header-divider\"><\/span>\n                                        <p class=\"elementor-icon-box-description\">Puedes venir con tu mascota a nuestras casas rurales.-\nSolicita informaci\u00f3n en el momento de hacer tu reserva.\n\u00a1Os sentir\u00e9is como en casa!<\/p>\n\n                                    <\/div>\n            <\/div>\n\n        <\/div>\n\n\t\t\t\t\t\t<\/div>\n\t\t\t\t<\/div>\n\t\t\t\t\t<\/div>\n\t\t<\/div>\n\t\t\t\t\t<\/div>\n\t\t<\/section>\n\t\t\t\t<section class=\"th-parallax elementor-section elementor-top-section elementor-element elementor-element-1baa2e03 elementor-section-content-middle elementor-section-boxed elementor-section-height-default elementor-section-height-default\" data-parallax=\"scroll\" data-image-src=\"http:\/\/rderural.com\/wp-content\/uploads\/2022\/12\/Ordino-o-estiu-1920x1396-1.jpg\" data-id=\"1baa2e03\" data-element_type=\"section\" data-settings=\"{&quot;background_background&quot;:&quot;classic&quot;}\">\n\t\t\t\t\t\t<div class=\"elementor-container elementor-column-gap-no\">\n\t\t\t\t\t<div class=\"elementor-column elementor-col-100 elementor-top-column elementor-element elementor-element-3021371\" data-id=\"3021371\" data-element_type=\"column\">\n\t\t\t<div class=\"elementor-widget-wrap elementor-element-populated\">\n\t\t\t\t\t\t<div class=\"elementor-element elementor-element-51f27978 elementor-view-default elementor-position-top elementor-widget elementor-widget-themo-header\" data-id=\"51f27978\" data-element_type=\"widget\" data-widget_type=\"themo-header.default\">\n\t\t\t\t<div class=\"elementor-widget-container\">\n\t\t\t\t\t\t\t<div class=\"th-header-wrap\">\n        <div class=\"elementor-icon-box-wrapper \">\n                            <div class=\"elementor-icon-box-content\">\n                    <h3 class=\"elementor-icon-box-title\">\n                        DESCUBRE ORDINO                    <\/h3>\n                                            <span class=\"th-header-divider\"><\/span>\n                                        <p class=\"elementor-icon-box-description\">Naturaleza, cultura y tradiciones, arte rom\u00e1nico \u2026 un valle por descubrir. Cada piedra, cada paso esconden peque\u00f1os recuerdos de tiempos pasados.<\/p>\n\n                                            <div class=\"th-btn-wrap\">\n                                                            <a class=\"btn-1 btn th-btn btn-standard-primary\" href=\"http:\/\/rderural.com\/es\/casas-en-vallnord\/\">\n                                                                            CASAS EN VALLNORD                                                                    <\/a>\n                            \n                                                    <\/div>\n                                    <\/div>\n            <\/div>\n\n        <\/div>\n\n\t\t\t\t\t\t<\/div>\n\t\t\t\t<\/div>\n\t\t\t\t\t<\/div>\n\t\t<\/div>\n\t\t\t\t\t<\/div>\n\t\t<\/section>\n\t\t\t\t<section class=\"th-parallax elementor-section elementor-top-section elementor-element elementor-element-5193257 elementor-section-content-middle elementor-section-boxed elementor-section-height-default elementor-section-height-default\" data-parallax=\"scroll\" data-image-src=\"http:\/\/rderural.com\/wp-content\/uploads\/2022\/12\/naturaleza-andorra.jpg\" data-id=\"5193257\" data-element_type=\"section\" data-settings=\"{&quot;background_background&quot;:&quot;classic&quot;}\">\n\t\t\t\t\t\t<div class=\"elementor-container elementor-column-gap-no\">\n\t\t\t\t\t<div class=\"elementor-column elementor-col-100 elementor-top-column elementor-element elementor-element-3a91557\" data-id=\"3a91557\" data-element_type=\"column\">\n\t\t\t<div class=\"elementor-widget-wrap elementor-element-populated\">\n\t\t\t\t\t\t<div class=\"elementor-element elementor-element-53c5127 elementor-view-default elementor-position-top elementor-widget elementor-widget-themo-header\" data-id=\"53c5127\" data-element_type=\"widget\" data-widget_type=\"themo-header.default\">\n\t\t\t\t<div class=\"elementor-widget-container\">\n\t\t\t\t\t\t\t<div class=\"th-header-wrap\">\n        <div class=\"elementor-icon-box-wrapper \">\n                            <div class=\"elementor-icon-box-content\">\n                    <h3 class=\"elementor-icon-box-title\">\n                        ENCAMP ENTRA\u00d1ABLE                    <\/h3>\n                                            <span class=\"th-header-divider\"><\/span>\n                                        <p class=\"elementor-icon-box-description\">En medio de su casco antiguo o rodeado de campos y de aromas de tierra, vive el Encamp m\u00e1s aut\u00e9ntico.<\/p>\n\n                                            <div class=\"th-btn-wrap\">\n                                                            <a class=\"btn-1 btn th-btn btn-standard-primary\" href=\"http:\/\/rderural.com\/es\/casas-en-grandvalira\/\">\n                                                                            CASAS EN GRANDVALIRA                                                                    <\/a>\n                            \n                                                    <\/div>\n                                    <\/div>\n            <\/div>\n\n        <\/div>\n\n\t\t\t\t\t\t<\/div>\n\t\t\t\t<\/div>\n\t\t\t\t\t<\/div>\n\t\t<\/div>\n\t\t\t\t\t<\/div>\n\t\t<\/section>\n\t\t\t\t<section class=\"elementor-section elementor-top-section elementor-element elementor-element-2ffe9174 elementor-section-full_width elementor-section-height-default elementor-section-height-default\" data-id=\"2ffe9174\" data-element_type=\"section\" data-settings=\"{&quot;background_background&quot;:&quot;gradient&quot;}\">\n\t\t\t\t\t\t<div class=\"elementor-container elementor-column-gap-wider\">\n\t\t\t\t\t<div class=\"elementor-column elementor-col-100 elementor-top-column elementor-element elementor-element-57964ab7\" data-id=\"57964ab7\" data-element_type=\"column\">\n\t\t\t<div class=\"elementor-widget-wrap elementor-element-populated\">\n\t\t\t\t\t\t<div class=\"elementor-element elementor-element-f74be24 elementor-view-default elementor-position-top elementor-widget elementor-widget-themo-header\" data-id=\"f74be24\" data-element_type=\"widget\" data-widget_type=\"themo-header.default\">\n\t\t\t\t<div class=\"elementor-widget-container\">\n\t\t\t\t\t\t\t<div class=\"th-header-wrap\">\n        <div class=\"elementor-icon-box-wrapper \">\n                            <div class=\"elementor-icon-box-content\">\n                    <h2 class=\"elementor-icon-box-title\">\n                        ENCAMP ENTRA\u00d1ABLE                    <\/h2>\n                                            <span class=\"th-header-divider\"><\/span>\n                                        <p class=\"elementor-icon-box-description\">Te invitamos a vivir Andorra desde dentro. Alojamientos rurales en Grandvalira y Vallnord donde encontrar\u00e1s la mejor nieve en invierno y la monta\u00f1a m\u00e1s estimulante en verano, en un entorno de incomparable belleza y autenticidad.\nTermalismo, gastronom\u00eda, shopping \u2026 son algunas de las actividades que te invitamos a vivir durante tu estancia en Andorra.\n\u00bfQuieres descubrirlas?<\/p>\n\n                                    <\/div>\n            <\/div>\n\n        <\/div>\n\n\t\t\t\t\t\t<\/div>\n\t\t\t\t<\/div>\n\t\t\t\t<section class=\"elementor-section elementor-inner-section elementor-element elementor-element-d1380bd elementor-section-boxed elementor-section-height-default elementor-section-height-default\" data-id=\"d1380bd\" data-element_type=\"section\">\n\t\t\t\t\t\t<div class=\"elementor-container elementor-column-gap-default\">\n\t\t\t\t\t<div class=\"elementor-column elementor-col-25 elementor-inner-column elementor-element elementor-element-5725af4\" data-id=\"5725af4\" data-element_type=\"column\">\n\t\t\t<div class=\"elementor-widget-wrap elementor-element-populated\">\n\t\t\t\t\t\t<div class=\"elementor-element elementor-element-e8b9d83 elementor-widget elementor-widget-video\" data-id=\"e8b9d83\" data-element_type=\"widget\" data-settings=\"{&quot;youtube_url&quot;:&quot;https:\\\/\\\/www.youtube.com\\\/watch?v=ylaa9waN4Xw&quot;,&quot;modestbranding&quot;:&quot;yes&quot;,&quot;video_type&quot;:&quot;youtube&quot;,&quot;controls&quot;:&quot;yes&quot;}\" data-widget_type=\"video.default\">\n\t\t\t\t<div class=\"elementor-widget-container\">\n\t\t\t\t\t\t\t<div class=\"elementor-wrapper elementor-open-inline\">\n\t\t\t<div class=\"elementor-video\"><\/div>\t\t<\/div>\n\t\t\t\t\t\t<\/div>\n\t\t\t\t<\/div>\n\t\t\t\t<div class=\"elementor-element elementor-element-160080e elementor-widget elementor-widget-heading\" data-id=\"160080e\" data-element_type=\"widget\" data-widget_type=\"heading.default\">\n\t\t\t\t<div class=\"elementor-widget-container\">\n\t\t\t\t\t<h2 class=\"elementor-heading-title elementor-size-default\">Andorra \u2013 Verano<\/h2>\t\t\t\t<\/div>\n\t\t\t\t<\/div>\n\t\t\t\t\t<\/div>\n\t\t<\/div>\n\t\t\t\t<div class=\"elementor-column elementor-col-25 elementor-inner-column elementor-element elementor-element-d30f66c\" data-id=\"d30f66c\" data-element_type=\"column\">\n\t\t\t<div class=\"elementor-widget-wrap elementor-element-populated\">\n\t\t\t\t\t\t<div class=\"elementor-element elementor-element-19f785d elementor-widget elementor-widget-video\" data-id=\"19f785d\" data-element_type=\"widget\" data-settings=\"{&quot;youtube_url&quot;:&quot;https:\\\/\\\/www.youtube.com\\\/watch?v=D_yTqIGcMdo&quot;,&quot;video_type&quot;:&quot;youtube&quot;,&quot;controls&quot;:&quot;yes&quot;}\" data-widget_type=\"video.default\">\n\t\t\t\t<div class=\"elementor-widget-container\">\n\t\t\t\t\t\t\t<div class=\"elementor-wrapper elementor-open-inline\">\n\t\t\t<div class=\"elementor-video\"><\/div>\t\t<\/div>\n\t\t\t\t\t\t<\/div>\n\t\t\t\t<\/div>\n\t\t\t\t<div class=\"elementor-element elementor-element-5489ecb elementor-widget elementor-widget-heading\" data-id=\"5489ecb\" data-element_type=\"widget\" data-widget_type=\"heading.default\">\n\t\t\t\t<div class=\"elementor-widget-container\">\n\t\t\t\t\t<h2 class=\"elementor-heading-title elementor-size-default\">Andorra \u2013 Wellness<\/h2>\t\t\t\t<\/div>\n\t\t\t\t<\/div>\n\t\t\t\t\t<\/div>\n\t\t<\/div>\n\t\t\t\t<div class=\"elementor-column elementor-col-25 elementor-inner-column elementor-element elementor-element-25fec45\" data-id=\"25fec45\" data-element_type=\"column\">\n\t\t\t<div class=\"elementor-widget-wrap elementor-element-populated\">\n\t\t\t\t\t\t<div class=\"elementor-element elementor-element-688ada0 elementor-widget elementor-widget-video\" data-id=\"688ada0\" data-element_type=\"widget\" data-settings=\"{&quot;youtube_url&quot;:&quot;https:\\\/\\\/www.youtube.com\\\/watch?v=OAZOB_tsPfw&quot;,&quot;video_type&quot;:&quot;youtube&quot;,&quot;controls&quot;:&quot;yes&quot;}\" data-widget_type=\"video.default\">\n\t\t\t\t<div class=\"elementor-widget-container\">\n\t\t\t\t\t\t\t<div class=\"elementor-wrapper elementor-open-inline\">\n\t\t\t<div class=\"elementor-video\"><\/div>\t\t<\/div>\n\t\t\t\t\t\t<\/div>\n\t\t\t\t<\/div>\n\t\t\t\t<div class=\"elementor-element elementor-element-31fbb0d elementor-widget elementor-widget-heading\" data-id=\"31fbb0d\" data-element_type=\"widget\" data-widget_type=\"heading.default\">\n\t\t\t\t<div class=\"elementor-widget-container\">\n\t\t\t\t\t<h2 class=\"elementor-heading-title elementor-size-default\">Andorra \u2013 Cicloturismo<\/h2>\t\t\t\t<\/div>\n\t\t\t\t<\/div>\n\t\t\t\t\t<\/div>\n\t\t<\/div>\n\t\t\t\t<div class=\"elementor-column elementor-col-25 elementor-inner-column elementor-element elementor-element-9119a0f\" data-id=\"9119a0f\" data-element_type=\"column\">\n\t\t\t<div class=\"elementor-widget-wrap elementor-element-populated\">\n\t\t\t\t\t\t<div class=\"elementor-element elementor-element-274b866 elementor-widget elementor-widget-video\" data-id=\"274b866\" data-element_type=\"widget\" data-settings=\"{&quot;youtube_url&quot;:&quot;https:\\\/\\\/www.youtube.com\\\/watch?v=tgGqA7LeBik&quot;,&quot;video_type&quot;:&quot;youtube&quot;,&quot;controls&quot;:&quot;yes&quot;}\" data-widget_type=\"video.default\">\n\t\t\t\t<div class=\"elementor-widget-container\">\n\t\t\t\t\t\t\t<div class=\"elementor-wrapper elementor-open-inline\">\n\t\t\t<div class=\"elementor-video\"><\/div>\t\t<\/div>\n\t\t\t\t\t\t<\/div>\n\t\t\t\t<\/div>\n\t\t\t\t<div class=\"elementor-element elementor-element-b74d388 elementor-widget elementor-widget-heading\" data-id=\"b74d388\" data-element_type=\"widget\" data-widget_type=\"heading.default\">\n\t\t\t\t<div class=\"elementor-widget-container\">\n\t\t\t\t\t<h2 class=\"elementor-heading-title elementor-size-default\">Andorra \u2013 Senderismo<\/h2>\t\t\t\t<\/div>\n\t\t\t\t<\/div>\n\t\t\t\t\t<\/div>\n\t\t<\/div>\n\t\t\t\t\t<\/div>\n\t\t<\/section>\n\t\t\t\t\t<\/div>\n\t\t<\/div>\n\t\t\t\t\t<\/div>\n\t\t<\/section>\n\t\t\t\t<\/div>\n\t\t","protected":false},"excerpt":{"rendered":"<p>CASAS RURALES EN&hellip;<\/p>\n","protected":false},"author":1,"featured_media":0,"parent":0,"menu_order":1,"comment_status":"closed","ping_status":"closed","template":"","meta":{"footnotes":""},"class_list":["post-70","page","type-page","status-publish","hentry"],"yoast_head":"<!-- This site is optimized with the Yoast SEO plugin v24.1 - https:\/\/yoast.com\/wordpress\/plugins\/seo\/ -->\n<title>Casas rurales en Andorra - Alojamiento de monta\u00f1a - R de Rural<\/title>\n<meta name=\"description\" content=\"Casas rurales en Andorra, el pa\u00eds de los Pirineos, en un entorno privilegiado, para vivir una experiencia aut\u00e9ntica en Grandvalira y Vallnord.\" \/>\n<meta name=\"robots\" content=\"index, follow, max-snippet:-1, max-image-preview:large, max-video-preview:-1\" \/>\n<link rel=\"canonical\" href=\"https:\/\/rderural.com\/es\/\" \/>\n<meta property=\"og:locale\" content=\"es_ES\" \/>\n<meta property=\"og:type\" content=\"article\" \/>\n<meta property=\"og:title\" content=\"Casas rurales en Andorra - Alojamiento de monta\u00f1a - R de Rural\" \/>\n<meta property=\"og:description\" content=\"Casas rurales en Andorra, el pa\u00eds de los Pirineos, en un entorno privilegiado, para vivir una experiencia aut\u00e9ntica en Grandvalira y Vallnord.\" \/>\n<meta property=\"og:url\" content=\"https:\/\/rderural.com\/es\/\" \/>\n<meta property=\"og:site_name\" content=\"R de Rural\" \/>\n<meta property=\"article:modified_time\" content=\"2022-12-20T15:03:24+00:00\" \/>\n<meta property=\"og:image\" content=\"http:\/\/rderural.com\/wp-content\/uploads\/2022\/12\/cistella-regal-1.jpg\" \/>\n<meta name=\"twitter:card\" content=\"summary_large_image\" \/>\n<meta name=\"twitter:label1\" content=\"Tiempo de lectura\" \/>\n\t<meta name=\"twitter:data1\" content=\"3 minutos\" \/>\n<script type=\"application\/ld+json\" class=\"yoast-schema-graph\">{\"@context\":\"https:\/\/schema.org\",\"@graph\":[{\"@type\":\"WebPage\",\"@id\":\"https:\/\/rderural.com\/es\/\",\"url\":\"https:\/\/rderural.com\/es\/\",\"name\":\"Casas rurales en Andorra - Alojamiento de monta\u00f1a - R de Rural\",\"isPartOf\":{\"@id\":\"https:\/\/rderural.com\/es\/#website\"},\"primaryImageOfPage\":{\"@id\":\"https:\/\/rderural.com\/es\/#primaryimage\"},\"image\":{\"@id\":\"https:\/\/rderural.com\/es\/#primaryimage\"},\"thumbnailUrl\":\"http:\/\/rderural.com\/wp-content\/uploads\/2022\/12\/cistella-regal-1.jpg\",\"datePublished\":\"2017-12-01T20:43:43+00:00\",\"dateModified\":\"2022-12-20T15:03:24+00:00\",\"description\":\"Casas rurales en Andorra, el pa\u00eds de los Pirineos, en un entorno privilegiado, para vivir una experiencia aut\u00e9ntica en Grandvalira y Vallnord.\",\"breadcrumb\":{\"@id\":\"https:\/\/rderural.com\/es\/#breadcrumb\"},\"inLanguage\":\"es\",\"potentialAction\":[{\"@type\":\"ReadAction\",\"target\":[\"https:\/\/rderural.com\/es\/\"]}]},{\"@type\":\"ImageObject\",\"inLanguage\":\"es\",\"@id\":\"https:\/\/rderural.com\/es\/#primaryimage\",\"url\":\"http:\/\/rderural.com\/wp-content\/uploads\/2022\/12\/cistella-regal-1.jpg\",\"contentUrl\":\"http:\/\/rderural.com\/wp-content\/uploads\/2022\/12\/cistella-regal-1.jpg\"},{\"@type\":\"BreadcrumbList\",\"@id\":\"https:\/\/rderural.com\/es\/#breadcrumb\",\"itemListElement\":[{\"@type\":\"ListItem\",\"position\":1,\"name\":\"Portada\",\"item\":\"https:\/\/rderural.com\/es\/\"},{\"@type\":\"ListItem\",\"position\":2,\"name\":\"Inicio\"}]},{\"@type\":\"WebSite\",\"@id\":\"https:\/\/rderural.com\/es\/#website\",\"url\":\"https:\/\/rderural.com\/es\/\",\"name\":\"R de Rural\",\"description\":\"Casas Rurales en Andorra\",\"publisher\":{\"@id\":\"https:\/\/rderural.com\/es\/#organization\"},\"potentialAction\":[{\"@type\":\"SearchAction\",\"target\":{\"@type\":\"EntryPoint\",\"urlTemplate\":\"https:\/\/rderural.com\/es\/?s={search_term_string}\"},\"query-input\":{\"@type\":\"PropertyValueSpecification\",\"valueRequired\":true,\"valueName\":\"search_term_string\"}}],\"inLanguage\":\"es\"},{\"@type\":\"Organization\",\"@id\":\"https:\/\/rderural.com\/es\/#organization\",\"name\":\"R de Rural\",\"url\":\"https:\/\/rderural.com\/es\/\",\"logo\":{\"@type\":\"ImageObject\",\"inLanguage\":\"es\",\"@id\":\"https:\/\/rderural.com\/es\/#\/schema\/logo\/image\/\",\"url\":\"https:\/\/rderural.com\/wp-content\/uploads\/2022\/12\/logoRdeRural-120x100-1.png\",\"contentUrl\":\"https:\/\/rderural.com\/wp-content\/uploads\/2022\/12\/logoRdeRural-120x100-1.png\",\"width\":120,\"height\":100,\"caption\":\"R de Rural\"},\"image\":{\"@id\":\"https:\/\/rderural.com\/es\/#\/schema\/logo\/image\/\"}}]}<\/script>\n<!-- \/ Yoast SEO plugin. -->","yoast_head_json":{"title":"Casas rurales en Andorra - Alojamiento de monta\u00f1a - R de Rural","description":"Casas rurales en Andorra, el pa\u00eds de los Pirineos, en un entorno privilegiado, para vivir una experiencia aut\u00e9ntica en Grandvalira y Vallnord.","robots":{"index":"index","follow":"follow","max-snippet":"max-snippet:-1","max-image-preview":"max-image-preview:large","max-video-preview":"max-video-preview:-1"},"canonical":"https:\/\/rderural.com\/es\/","og_locale":"es_ES","og_type":"article","og_title":"Casas rurales en Andorra - Alojamiento de monta\u00f1a - R de Rural","og_description":"Casas rurales en Andorra, el pa\u00eds de los Pirineos, en un entorno privilegiado, para vivir una experiencia aut\u00e9ntica en Grandvalira y Vallnord.","og_url":"https:\/\/rderural.com\/es\/","og_site_name":"R de Rural","article_modified_time":"2022-12-20T15:03:24+00:00","og_image":[{"url":"http:\/\/rderural.com\/wp-content\/uploads\/2022\/12\/cistella-regal-1.jpg","type":"","width":"","height":""}],"twitter_card":"summary_large_image","twitter_misc":{"Tiempo de lectura":"3 minutos"},"schema":{"@context":"https:\/\/schema.org","@graph":[{"@type":"WebPage","@id":"https:\/\/rderural.com\/es\/","url":"https:\/\/rderural.com\/es\/","name":"Casas rurales en Andorra - Alojamiento de monta\u00f1a - R de Rural","isPartOf":{"@id":"https:\/\/rderural.com\/es\/#website"},"primaryImageOfPage":{"@id":"https:\/\/rderural.com\/es\/#primaryimage"},"image":{"@id":"https:\/\/rderural.com\/es\/#primaryimage"},"thumbnailUrl":"http:\/\/rderural.com\/wp-content\/uploads\/2022\/12\/cistella-regal-1.jpg","datePublished":"2017-12-01T20:43:43+00:00","dateModified":"2022-12-20T15:03:24+00:00","description":"Casas rurales en Andorra, el pa\u00eds de los Pirineos, en un entorno privilegiado, para vivir una experiencia aut\u00e9ntica en Grandvalira y Vallnord.","breadcrumb":{"@id":"https:\/\/rderural.com\/es\/#breadcrumb"},"inLanguage":"es","potentialAction":[{"@type":"ReadAction","target":["https:\/\/rderural.com\/es\/"]}]},{"@type":"ImageObject","inLanguage":"es","@id":"https:\/\/rderural.com\/es\/#primaryimage","url":"http:\/\/rderural.com\/wp-content\/uploads\/2022\/12\/cistella-regal-1.jpg","contentUrl":"http:\/\/rderural.com\/wp-content\/uploads\/2022\/12\/cistella-regal-1.jpg"},{"@type":"BreadcrumbList","@id":"https:\/\/rderural.com\/es\/#breadcrumb","itemListElement":[{"@type":"ListItem","position":1,"name":"Portada","item":"https:\/\/rderural.com\/es\/"},{"@type":"ListItem","position":2,"name":"Inicio"}]},{"@type":"WebSite","@id":"https:\/\/rderural.com\/es\/#website","url":"https:\/\/rderural.com\/es\/","name":"R de Rural","description":"Casas Rurales en Andorra","publisher":{"@id":"https:\/\/rderural.com\/es\/#organization"},"potentialAction":[{"@type":"SearchAction","target":{"@type":"EntryPoint","urlTemplate":"https:\/\/rderural.com\/es\/?s={search_term_string}"},"query-input":{"@type":"PropertyValueSpecification","valueRequired":true,"valueName":"search_term_string"}}],"inLanguage":"es"},{"@type":"Organization","@id":"https:\/\/rderural.com\/es\/#organization","name":"R de Rural","url":"https:\/\/rderural.com\/es\/","logo":{"@type":"ImageObject","inLanguage":"es","@id":"https:\/\/rderural.com\/es\/#\/schema\/logo\/image\/","url":"https:\/\/rderural.com\/wp-content\/uploads\/2022\/12\/logoRdeRural-120x100-1.png","contentUrl":"https:\/\/rderural.com\/wp-content\/uploads\/2022\/12\/logoRdeRural-120x100-1.png","width":120,"height":100,"caption":"R de Rural"},"image":{"@id":"https:\/\/rderural.com\/es\/#\/schema\/logo\/image\/"}}]}},"_links":{"self":[{"href":"https:\/\/rderural.com\/es\/wp-json\/wp\/v2\/pages\/70","targetHints":{"allow":["GET"]}}],"collection":[{"href":"https:\/\/rderural.com\/es\/wp-json\/wp\/v2\/pages"}],"about":[{"href":"https:\/\/rderural.com\/es\/wp-json\/wp\/v2\/types\/page"}],"author":[{"embeddable":true,"href":"https:\/\/rderural.com\/es\/wp-json\/wp\/v2\/users\/1"}],"replies":[{"embeddable":true,"href":"https:\/\/rderural.com\/es\/wp-json\/wp\/v2\/comments?post=70"}],"version-history":[{"count":65,"href":"https:\/\/rderural.com\/es\/wp-json\/wp\/v2\/pages\/70\/revisions"}],"predecessor-version":[{"id":1997,"href":"https:\/\/rderural.com\/es\/wp-json\/wp\/v2\/pages\/70\/revisions\/1997"}],"wp:attachment":[{"href":"https:\/\/rderural.com\/es\/wp-json\/wp\/v2\/media?parent=70"}],"curies":[{"name":"wp","href":"https:\/\/api.w.org\/{rel}","templated":true}]}}