{"id":350,"date":"2022-12-10T22:20:26","date_gmt":"2022-12-10T22:20:26","guid":{"rendered":"http:\/\/rderural.com\/?page_id=350"},"modified":"2023-05-16T12:50:38","modified_gmt":"2023-05-16T12:50:38","slug":"ofertas-y-paquetes","status":"publish","type":"page","link":"https:\/\/rderural.com\/es\/ofertas-y-paquetes\/","title":{"rendered":"Paquetes y actividades"},"content":{"rendered":"\t\t<div data-elementor-type=\"wp-post\" data-elementor-id=\"350\" class=\"elementor elementor-350\">\n\t\t\t\t\t\t<section class=\"elementor-section elementor-top-section elementor-element elementor-element-7f113b65 elementor-section-full_width elementor-section-height-min-height elementor-section-height-default elementor-section-items-middle\" data-id=\"7f113b65\" data-element_type=\"section\" data-settings=\"{&quot;background_background&quot;:&quot;classic&quot;}\">\n\t\t\t\t\t\t\t<div class=\"elementor-background-overlay\"><\/div>\n\t\t\t\t\t\t\t<div class=\"elementor-container elementor-column-gap-default\">\n\t\t\t\t\t<div class=\"elementor-column elementor-col-100 elementor-top-column elementor-element elementor-element-476d30e2\" data-id=\"476d30e2\" data-element_type=\"column\">\n\t\t\t<div class=\"elementor-widget-wrap elementor-element-populated\">\n\t\t\t\t\t\t<div class=\"elementor-element elementor-element-1b6d5b6f elementor-widget elementor-widget-spacer\" data-id=\"1b6d5b6f\" data-element_type=\"widget\" data-widget_type=\"spacer.default\">\n\t\t\t\t<div class=\"elementor-widget-container\">\n\t\t\t\t\t\t\t<div class=\"elementor-spacer\">\n\t\t\t<div class=\"elementor-spacer-inner\"><\/div>\n\t\t<\/div>\n\t\t\t\t\t\t<\/div>\n\t\t\t\t<\/div>\n\t\t\t\t<section class=\"elementor-section elementor-inner-section elementor-element elementor-element-7103a9cd elementor-reverse-mobile elementor-section-boxed elementor-section-height-default elementor-section-height-default\" data-id=\"7103a9cd\" data-element_type=\"section\">\n\t\t\t\t\t\t<div class=\"elementor-container elementor-column-gap-wider\">\n\t\t\t\t\t<div class=\"elementor-column elementor-col-100 elementor-inner-column elementor-element elementor-element-1499e6fd\" data-id=\"1499e6fd\" data-element_type=\"column\">\n\t\t\t<div class=\"elementor-widget-wrap elementor-element-populated\">\n\t\t\t\t\t\t<div class=\"elementor-element elementor-element-487409b9 elementor-view-default elementor-position-top elementor-widget elementor-widget-themo-header\" data-id=\"487409b9\" data-element_type=\"widget\" data-widget_type=\"themo-header.default\">\n\t\t\t\t<div class=\"elementor-widget-container\">\n\t\t\t\t\t\t\t<div class=\"th-header-wrap\">\n        <div class=\"elementor-icon-box-wrapper \">\n                            <div class=\"elementor-icon-box-content\">\n                    <h1 class=\"elementor-icon-box-title\">\n                        Actividades en Andorra                    <\/h1>\n                                        <p class=\"elementor-icon-box-description\"><\/p>\n\n                                    <\/div>\n            <\/div>\n\n        <\/div>\n\n\t\t\t\t\t\t<\/div>\n\t\t\t\t<\/div>\n\t\t\t\t\t<\/div>\n\t\t<\/div>\n\t\t\t\t\t<\/div>\n\t\t<\/section>\n\t\t\t\t<div class=\"elementor-element elementor-element-6d14406 elementor-widget elementor-widget-spacer\" data-id=\"6d14406\" data-element_type=\"widget\" data-widget_type=\"spacer.default\">\n\t\t\t\t<div class=\"elementor-widget-container\">\n\t\t\t\t\t\t\t<div class=\"elementor-spacer\">\n\t\t\t<div class=\"elementor-spacer-inner\"><\/div>\n\t\t<\/div>\n\t\t\t\t\t\t<\/div>\n\t\t\t\t<\/div>\n\t\t\t\t\t<\/div>\n\t\t<\/div>\n\t\t\t\t\t<\/div>\n\t\t<\/section>\n\t\t\t\t<section class=\"elementor-section elementor-top-section elementor-element elementor-element-4f6737c0 elementor-section-boxed elementor-section-height-default elementor-section-height-default\" data-id=\"4f6737c0\" data-element_type=\"section\" data-settings=\"{&quot;background_background&quot;:&quot;classic&quot;}\">\n\t\t\t\t\t\t<div class=\"elementor-container elementor-column-gap-default\">\n\t\t\t\t\t<div class=\"elementor-column elementor-col-100 elementor-top-column elementor-element elementor-element-417c5957\" data-id=\"417c5957\" data-element_type=\"column\">\n\t\t\t<div class=\"elementor-widget-wrap elementor-element-populated\">\n\t\t\t\t\t\t<div class=\"elementor-element elementor-element-16e90536 elementor-widget elementor-widget-spacer\" data-id=\"16e90536\" data-element_type=\"widget\" data-widget_type=\"spacer.default\">\n\t\t\t\t<div class=\"elementor-widget-container\">\n\t\t\t\t\t\t\t<div class=\"elementor-spacer\">\n\t\t\t<div class=\"elementor-spacer-inner\"><\/div>\n\t\t<\/div>\n\t\t\t\t\t\t<\/div>\n\t\t\t\t<\/div>\n\t\t\t\t<div class=\"elementor-element elementor-element-54ca99b2 elementor-view-default elementor-position-top elementor-widget elementor-widget-themo-header\" data-id=\"54ca99b2\" data-element_type=\"widget\" data-widget_type=\"themo-header.default\">\n\t\t\t\t<div class=\"elementor-widget-container\">\n\t\t\t\t\t\t\t<div class=\"th-header-wrap\">\n        <div class=\"elementor-icon-box-wrapper \">\n                            <div class=\"elementor-icon-box-content\">\n                    <h2 class=\"elementor-icon-box-title\">\n                        ANDORRA A LA CARTA                    <\/h2>\n                                            <span class=\"th-header-divider\"><\/span>\n                                        <p class=\"elementor-icon-box-description\">Escapadas rurales a medida\nEn Andorra encontrar\u00e1s mil y una actividades para disfrutar del pa\u00eds de los Pirineos como te guste.\nElige los d\u00edas que quieras con un m\u00ednimo de dos noches y empieza a pensar en lo que vas a hacer.\nEsqu\u00ed en invierno, senderismo en verano, shopping, cenas gastron\u00f3micas, termalismo...\n\nInsp\u00edrate en las ideas que te proponemos\ny prep\u00e1rate para disfrutar de tu escapada a Andorra.<\/p>\n\n                                    <\/div>\n            <\/div>\n\n        <\/div>\n\n\t\t\t\t\t\t<\/div>\n\t\t\t\t<\/div>\n\t\t\t\t<div class=\"elementor-element elementor-element-16fe7750 elementor-widget elementor-widget-spacer\" data-id=\"16fe7750\" data-element_type=\"widget\" data-widget_type=\"spacer.default\">\n\t\t\t\t<div class=\"elementor-widget-container\">\n\t\t\t\t\t\t\t<div class=\"elementor-spacer\">\n\t\t\t<div class=\"elementor-spacer-inner\"><\/div>\n\t\t<\/div>\n\t\t\t\t\t\t<\/div>\n\t\t\t\t<\/div>\n\t\t\t\t\t<\/div>\n\t\t<\/div>\n\t\t\t\t\t<\/div>\n\t\t<\/section>\n\t\t\t\t<section class=\"elementor-section elementor-top-section elementor-element elementor-element-42db5a10 elementor-section-full_width elementor-section-height-default elementor-section-height-default\" data-id=\"42db5a10\" data-element_type=\"section\">\n\t\t\t\t\t\t<div class=\"elementor-container elementor-column-gap-default\">\n\t\t\t\t\t<div class=\"elementor-column elementor-col-50 elementor-top-column elementor-element elementor-element-7ad90c41\" data-id=\"7ad90c41\" data-element_type=\"column\" data-settings=\"{&quot;background_background&quot;:&quot;classic&quot;}\">\n\t\t\t<div class=\"elementor-widget-wrap elementor-element-populated\">\n\t\t\t\t\t\t<div class=\"elementor-element elementor-element-39734bba elementor-position-left elementor-view-default elementor-widget elementor-widget-themo-header\" data-id=\"39734bba\" data-element_type=\"widget\" data-widget_type=\"themo-header.default\">\n\t\t\t\t<div class=\"elementor-widget-container\">\n\t\t\t\t\t\t\t<div class=\"th-header-wrap\">\n        <div class=\"elementor-icon-box-wrapper \">\n                            <div class=\"elementor-icon-box-content\">\n                    <h3 class=\"elementor-icon-box-title\">\n                        Caldea \u2013 Inn\u00fa                    <\/h3>\n                                        <p class=\"elementor-icon-box-description\">Disfruta de una experiencia termal en el coraz\u00f3n de los Pirineos. Combina la paz y tranquilidad que se respira en nuestras casas rural, con las propiedades de las aguas termales de Inn\u00fa.<\/p>\n\n                                    <\/div>\n            <\/div>\n\n        <\/div>\n\n\t\t\t\t\t\t<\/div>\n\t\t\t\t<\/div>\n\t\t\t\t\t<\/div>\n\t\t<\/div>\n\t\t\t\t<div class=\"elementor-column elementor-col-50 elementor-top-column elementor-element elementor-element-171aafbc\" data-id=\"171aafbc\" data-element_type=\"column\" data-settings=\"{&quot;background_background&quot;:&quot;classic&quot;}\">\n\t\t\t<div class=\"elementor-widget-wrap elementor-element-populated\">\n\t\t\t\t\t\t<div class=\"elementor-element elementor-element-421709d6 elementor-widget elementor-widget-spacer\" data-id=\"421709d6\" data-element_type=\"widget\" data-widget_type=\"spacer.default\">\n\t\t\t\t<div class=\"elementor-widget-container\">\n\t\t\t\t\t\t\t<div class=\"elementor-spacer\">\n\t\t\t<div class=\"elementor-spacer-inner\"><\/div>\n\t\t<\/div>\n\t\t\t\t\t\t<\/div>\n\t\t\t\t<\/div>\n\t\t\t\t\t<\/div>\n\t\t<\/div>\n\t\t\t\t\t<\/div>\n\t\t<\/section>\n\t\t\t\t<section class=\"elementor-section elementor-top-section elementor-element elementor-element-1e66e25d elementor-section-full_width elementor-reverse-mobile elementor-section-height-default elementor-section-height-default\" data-id=\"1e66e25d\" data-element_type=\"section\">\n\t\t\t\t\t\t<div class=\"elementor-container elementor-column-gap-default\">\n\t\t\t\t\t<div class=\"elementor-column elementor-col-50 elementor-top-column elementor-element elementor-element-2857dcc8\" data-id=\"2857dcc8\" data-element_type=\"column\" data-settings=\"{&quot;background_background&quot;:&quot;classic&quot;}\">\n\t\t\t<div class=\"elementor-widget-wrap elementor-element-populated\">\n\t\t\t\t\t\t<div class=\"elementor-element elementor-element-2222d170 elementor-widget elementor-widget-menu-anchor\" data-id=\"2222d170\" data-element_type=\"widget\" data-widget_type=\"menu-anchor.default\">\n\t\t\t\t<div class=\"elementor-widget-container\">\n\t\t\t\t\t\t\t<div class=\"elementor-menu-anchor\" id=\"more1\"><\/div>\n\t\t\t\t\t\t<\/div>\n\t\t\t\t<\/div>\n\t\t\t\t<div class=\"elementor-element elementor-element-5ed5c341 elementor-widget elementor-widget-spacer\" data-id=\"5ed5c341\" data-element_type=\"widget\" data-widget_type=\"spacer.default\">\n\t\t\t\t<div class=\"elementor-widget-container\">\n\t\t\t\t\t\t\t<div class=\"elementor-spacer\">\n\t\t\t<div class=\"elementor-spacer-inner\"><\/div>\n\t\t<\/div>\n\t\t\t\t\t\t<\/div>\n\t\t\t\t<\/div>\n\t\t\t\t\t<\/div>\n\t\t<\/div>\n\t\t\t\t<div class=\"elementor-column elementor-col-50 elementor-top-column elementor-element elementor-element-18696fda\" data-id=\"18696fda\" data-element_type=\"column\" data-settings=\"{&quot;background_background&quot;:&quot;classic&quot;}\">\n\t\t\t<div class=\"elementor-widget-wrap elementor-element-populated\">\n\t\t\t\t\t\t<div class=\"elementor-element elementor-element-34041f4e elementor-position-left elementor-view-default elementor-widget elementor-widget-themo-header\" data-id=\"34041f4e\" data-element_type=\"widget\" data-widget_type=\"themo-header.default\">\n\t\t\t\t<div class=\"elementor-widget-container\">\n\t\t\t\t\t\t\t<div class=\"th-header-wrap\">\n        <div class=\"elementor-icon-box-wrapper \">\n                            <div class=\"elementor-icon-box-content\">\n                    <h3 class=\"elementor-icon-box-title\">\n                        Senderismo                    <\/h3>\n                                        <p class=\"elementor-icon-box-description\">El senderismo es una especialidad de monta\u00f1ismo que consiste en recorrer a pie senderos por el campo o la monta\u00f1a. Es una forma \u00fanica de poder estar en contacto con la naturaleza y disfrutar al m\u00e1ximo.\nAndorra esta formada \u00fanicamente por monta\u00f1as, con bonitos valles a alturas que rondan los 3000m. Hay m\u00e1s de 65 picos a m\u00e1s de 2500 m de altitud i m\u00e1s de 60 lagos. Realizando rutas a pie podr\u00e1s conocer los mejores rincones de este peque\u00f1o gran pa\u00eds. <\/p>\n\n                                    <\/div>\n            <\/div>\n\n        <\/div>\n\n\t\t\t\t\t\t<\/div>\n\t\t\t\t<\/div>\n\t\t\t\t\t<\/div>\n\t\t<\/div>\n\t\t\t\t\t<\/div>\n\t\t<\/section>\n\t\t\t\t<section class=\"elementor-section elementor-top-section elementor-element elementor-element-d91abea elementor-section-full_width elementor-section-height-default elementor-section-height-default\" data-id=\"d91abea\" data-element_type=\"section\">\n\t\t\t\t\t\t<div class=\"elementor-container elementor-column-gap-default\">\n\t\t\t\t\t<div class=\"elementor-column elementor-col-50 elementor-top-column elementor-element elementor-element-41f58f78\" data-id=\"41f58f78\" data-element_type=\"column\" data-settings=\"{&quot;background_background&quot;:&quot;classic&quot;}\">\n\t\t\t<div class=\"elementor-widget-wrap elementor-element-populated\">\n\t\t\t\t\t\t<div class=\"elementor-element elementor-element-5afd3f2f elementor-position-left elementor-view-default elementor-widget elementor-widget-themo-header\" data-id=\"5afd3f2f\" data-element_type=\"widget\" data-widget_type=\"themo-header.default\">\n\t\t\t\t<div class=\"elementor-widget-container\">\n\t\t\t\t\t\t\t<div class=\"th-header-wrap\">\n        <div class=\"elementor-icon-box-wrapper \">\n                            <div class=\"elementor-icon-box-content\">\n                    <h3 class=\"elementor-icon-box-title\">\n                        V\u00eda ferrata                    <\/h3>\n                                        <p class=\"elementor-icon-box-description\">Una v\u00eda ferrata es un itinerario tanto vertical como horizontal equipado con diverso material: clavos, grapas, presas, pasamanos, cadenas, puentes colgantes y tirolinas, que permiten el llegar con seguridad a zonas de dif\u00edcil acceso para senderistas o no habituados a la escalada. Andorra dispone de 15 v\u00edas ferratas de diferentes niveles y longitudes, podr\u00e1s escoger en funci\u00f3n de tu nivel, d\u00f3nde podr\u00e1s disfrutar de unas vistas espectaculares.<\/p>\n\n                                    <\/div>\n            <\/div>\n\n        <\/div>\n\n\t\t\t\t\t\t<\/div>\n\t\t\t\t<\/div>\n\t\t\t\t\t<\/div>\n\t\t<\/div>\n\t\t\t\t<div class=\"elementor-column elementor-col-50 elementor-top-column elementor-element elementor-element-424d53de\" data-id=\"424d53de\" data-element_type=\"column\" data-settings=\"{&quot;background_background&quot;:&quot;classic&quot;}\">\n\t\t\t<div class=\"elementor-widget-wrap elementor-element-populated\">\n\t\t\t\t\t\t<div class=\"elementor-element elementor-element-39132994 elementor-widget elementor-widget-menu-anchor\" data-id=\"39132994\" data-element_type=\"widget\" data-widget_type=\"menu-anchor.default\">\n\t\t\t\t<div class=\"elementor-widget-container\">\n\t\t\t\t\t\t\t<div class=\"elementor-menu-anchor\" id=\"more2\"><\/div>\n\t\t\t\t\t\t<\/div>\n\t\t\t\t<\/div>\n\t\t\t\t<div class=\"elementor-element elementor-element-1e976fea elementor-widget elementor-widget-spacer\" data-id=\"1e976fea\" data-element_type=\"widget\" data-widget_type=\"spacer.default\">\n\t\t\t\t<div class=\"elementor-widget-container\">\n\t\t\t\t\t\t\t<div class=\"elementor-spacer\">\n\t\t\t<div class=\"elementor-spacer-inner\"><\/div>\n\t\t<\/div>\n\t\t\t\t\t\t<\/div>\n\t\t\t\t<\/div>\n\t\t\t\t\t<\/div>\n\t\t<\/div>\n\t\t\t\t\t<\/div>\n\t\t<\/section>\n\t\t\t\t<section class=\"elementor-section elementor-top-section elementor-element elementor-element-db51971 elementor-section-full_width elementor-reverse-mobile elementor-section-height-default elementor-section-height-default\" data-id=\"db51971\" data-element_type=\"section\">\n\t\t\t\t\t\t<div class=\"elementor-container elementor-column-gap-default\">\n\t\t\t\t\t<div class=\"elementor-column elementor-col-50 elementor-top-column elementor-element elementor-element-36ff4be\" data-id=\"36ff4be\" data-element_type=\"column\" data-settings=\"{&quot;background_background&quot;:&quot;classic&quot;}\">\n\t\t\t<div class=\"elementor-widget-wrap elementor-element-populated\">\n\t\t\t\t\t\t<div class=\"elementor-element elementor-element-bae100a elementor-widget elementor-widget-menu-anchor\" data-id=\"bae100a\" data-element_type=\"widget\" data-widget_type=\"menu-anchor.default\">\n\t\t\t\t<div class=\"elementor-widget-container\">\n\t\t\t\t\t\t\t<div class=\"elementor-menu-anchor\" id=\"more1\"><\/div>\n\t\t\t\t\t\t<\/div>\n\t\t\t\t<\/div>\n\t\t\t\t<div class=\"elementor-element elementor-element-cf49768 elementor-widget elementor-widget-spacer\" data-id=\"cf49768\" data-element_type=\"widget\" data-widget_type=\"spacer.default\">\n\t\t\t\t<div class=\"elementor-widget-container\">\n\t\t\t\t\t\t\t<div class=\"elementor-spacer\">\n\t\t\t<div class=\"elementor-spacer-inner\"><\/div>\n\t\t<\/div>\n\t\t\t\t\t\t<\/div>\n\t\t\t\t<\/div>\n\t\t\t\t\t<\/div>\n\t\t<\/div>\n\t\t\t\t<div class=\"elementor-column elementor-col-50 elementor-top-column elementor-element elementor-element-32c9808\" data-id=\"32c9808\" data-element_type=\"column\" data-settings=\"{&quot;background_background&quot;:&quot;classic&quot;}\">\n\t\t\t<div class=\"elementor-widget-wrap elementor-element-populated\">\n\t\t\t\t\t\t<div class=\"elementor-element elementor-element-d73ffe5 elementor-position-left elementor-view-default elementor-widget elementor-widget-themo-header\" data-id=\"d73ffe5\" data-element_type=\"widget\" data-widget_type=\"themo-header.default\">\n\t\t\t\t<div class=\"elementor-widget-container\">\n\t\t\t\t\t\t\t<div class=\"th-header-wrap\">\n        <div class=\"elementor-icon-box-wrapper \">\n                            <div class=\"elementor-icon-box-content\">\n                    <h3 class=\"elementor-icon-box-title\">\n                        Bikexperience; Salidas con bici el\u00e9ctrica \u2013 Alquiler de bicis                    <\/h3>\n                                        <p class=\"elementor-icon-box-description\">Excursi\u00f3n con MTB el\u00e9ctrica por el valle del norte, coll de la Botella, Sispony, Beixal\u00eds o la ruta del hierro.\nSalidas de 4-5 horas en funci\u00f3n del nivel. Consultar disponibilidad.\n\nAndorra dispone d\u2019itinerarios de BTT, as\u00ed como en sus estaciones de Grandvalira y Vallnord tienen sus BikeParks adaptados a diferentes niveles. En algunas parroquias tambi\u00e9n pod\u00e9is disfrutar de carril bici y itinerarios para pasear en familia.\nEl camino de las Pardinas, la ruta del \u201cFerro\u201d o el camino del Gall, son algunos de los caminos d\u00f3nde podr\u00e9is hacer BTT, descubriendo el pa\u00eds.\n\nPara m\u00e1s informaci\u00f3n cons\u00faltanos.<\/p>\n\n                                    <\/div>\n            <\/div>\n\n        <\/div>\n\n\t\t\t\t\t\t<\/div>\n\t\t\t\t<\/div>\n\t\t\t\t\t<\/div>\n\t\t<\/div>\n\t\t\t\t\t<\/div>\n\t\t<\/section>\n\t\t\t\t<section class=\"elementor-section elementor-top-section elementor-element elementor-element-ef8a27d elementor-section-full_width elementor-section-height-default elementor-section-height-default\" data-id=\"ef8a27d\" data-element_type=\"section\">\n\t\t\t\t\t\t<div class=\"elementor-container elementor-column-gap-default\">\n\t\t\t\t\t<div class=\"elementor-column elementor-col-50 elementor-top-column elementor-element elementor-element-9f32706\" data-id=\"9f32706\" data-element_type=\"column\" data-settings=\"{&quot;background_background&quot;:&quot;classic&quot;}\">\n\t\t\t<div class=\"elementor-widget-wrap elementor-element-populated\">\n\t\t\t\t\t\t<div class=\"elementor-element elementor-element-8fc77bf elementor-position-left elementor-view-default elementor-widget elementor-widget-themo-header\" data-id=\"8fc77bf\" data-element_type=\"widget\" data-widget_type=\"themo-header.default\">\n\t\t\t\t<div class=\"elementor-widget-container\">\n\t\t\t\t\t\t\t<div class=\"th-header-wrap\">\n        <div class=\"elementor-icon-box-wrapper \">\n                            <div class=\"elementor-icon-box-content\">\n                    <h3 class=\"elementor-icon-box-title\">\n                        Rutas a caballos                    <\/h3>\n                                        <p class=\"elementor-icon-box-description\">Podr\u00e1s disfrutar de los bosques de Andorra de una manera diferente a caballo. Rutas ideales para toda la familia, d\u00f3nde se combina la pasi\u00f3n por la natura i la pasi\u00f3n por los animales, a la vez que se descubre la flora y la fauna.\n\nDuraci\u00f3n:de 1h a 3 horas.\n\n<\/p>\n\n                                    <\/div>\n            <\/div>\n\n        <\/div>\n\n\t\t\t\t\t\t<\/div>\n\t\t\t\t<\/div>\n\t\t\t\t\t<\/div>\n\t\t<\/div>\n\t\t\t\t<div class=\"elementor-column elementor-col-50 elementor-top-column elementor-element elementor-element-89d9433\" data-id=\"89d9433\" data-element_type=\"column\" data-settings=\"{&quot;background_background&quot;:&quot;classic&quot;}\">\n\t\t\t<div class=\"elementor-widget-wrap elementor-element-populated\">\n\t\t\t\t\t\t<div class=\"elementor-element elementor-element-9e52bf3 elementor-widget elementor-widget-menu-anchor\" data-id=\"9e52bf3\" data-element_type=\"widget\" data-widget_type=\"menu-anchor.default\">\n\t\t\t\t<div class=\"elementor-widget-container\">\n\t\t\t\t\t\t\t<div class=\"elementor-menu-anchor\" id=\"more2\"><\/div>\n\t\t\t\t\t\t<\/div>\n\t\t\t\t<\/div>\n\t\t\t\t<div class=\"elementor-element elementor-element-109e9c0 elementor-widget elementor-widget-spacer\" data-id=\"109e9c0\" data-element_type=\"widget\" data-widget_type=\"spacer.default\">\n\t\t\t\t<div class=\"elementor-widget-container\">\n\t\t\t\t\t\t\t<div class=\"elementor-spacer\">\n\t\t\t<div class=\"elementor-spacer-inner\"><\/div>\n\t\t<\/div>\n\t\t\t\t\t\t<\/div>\n\t\t\t\t<\/div>\n\t\t\t\t\t<\/div>\n\t\t<\/div>\n\t\t\t\t\t<\/div>\n\t\t<\/section>\n\t\t\t\t<section class=\"elementor-section elementor-top-section elementor-element elementor-element-a420ead elementor-section-full_width elementor-reverse-mobile elementor-section-height-default elementor-section-height-default\" data-id=\"a420ead\" data-element_type=\"section\">\n\t\t\t\t\t\t<div class=\"elementor-container elementor-column-gap-default\">\n\t\t\t\t\t<div class=\"elementor-column elementor-col-50 elementor-top-column elementor-element elementor-element-cd09010\" data-id=\"cd09010\" data-element_type=\"column\" data-settings=\"{&quot;background_background&quot;:&quot;classic&quot;}\">\n\t\t\t<div class=\"elementor-widget-wrap elementor-element-populated\">\n\t\t\t\t\t\t<div class=\"elementor-element elementor-element-793a622 elementor-widget elementor-widget-menu-anchor\" data-id=\"793a622\" data-element_type=\"widget\" data-widget_type=\"menu-anchor.default\">\n\t\t\t\t<div class=\"elementor-widget-container\">\n\t\t\t\t\t\t\t<div class=\"elementor-menu-anchor\" id=\"more1\"><\/div>\n\t\t\t\t\t\t<\/div>\n\t\t\t\t<\/div>\n\t\t\t\t<div class=\"elementor-element elementor-element-8c30887 elementor-widget elementor-widget-spacer\" data-id=\"8c30887\" data-element_type=\"widget\" data-widget_type=\"spacer.default\">\n\t\t\t\t<div class=\"elementor-widget-container\">\n\t\t\t\t\t\t\t<div class=\"elementor-spacer\">\n\t\t\t<div class=\"elementor-spacer-inner\"><\/div>\n\t\t<\/div>\n\t\t\t\t\t\t<\/div>\n\t\t\t\t<\/div>\n\t\t\t\t\t<\/div>\n\t\t<\/div>\n\t\t\t\t<div class=\"elementor-column elementor-col-50 elementor-top-column elementor-element elementor-element-c572b06\" data-id=\"c572b06\" data-element_type=\"column\" data-settings=\"{&quot;background_background&quot;:&quot;classic&quot;}\">\n\t\t\t<div class=\"elementor-widget-wrap elementor-element-populated\">\n\t\t\t\t\t\t<div class=\"elementor-element elementor-element-fd567b6 elementor-position-left elementor-view-default elementor-widget elementor-widget-themo-header\" data-id=\"fd567b6\" data-element_type=\"widget\" data-widget_type=\"themo-header.default\">\n\t\t\t\t<div class=\"elementor-widget-container\">\n\t\t\t\t\t\t\t<div class=\"th-header-wrap\">\n        <div class=\"elementor-icon-box-wrapper \">\n                            <div class=\"elementor-icon-box-content\">\n                    <h3 class=\"elementor-icon-box-title\">\n                        Vuelos helic\u00f3ptero                    <\/h3>\n                                        <p class=\"elementor-icon-box-description\">Vuelos tur\u00edsticos y panor\u00e1micos de 10 o 15 minutos. Podr\u00e1s disfrutar de un vuelo sobre las monta\u00f1as de Andorra a vista de p\u00e1jaro.\n(M\u00ednimo 4 pax, m\u00e1ximo 5 pax).<\/p>\n\n                                    <\/div>\n            <\/div>\n\n        <\/div>\n\n\t\t\t\t\t\t<\/div>\n\t\t\t\t<\/div>\n\t\t\t\t\t<\/div>\n\t\t<\/div>\n\t\t\t\t\t<\/div>\n\t\t<\/section>\n\t\t\t\t<\/div>\n\t\t","protected":false},"excerpt":{"rendered":"<p>Actividades en Andorra ANDORRA A LA CARTA Escapadas rurales a medida En Andorra encontrar\u00e1s mil y una actividades para disfrutar del pa\u00eds de los Pirineos como te guste. Elige los d\u00edas que quieras con un m\u00ednimo de dos noches y &hellip; <a href=\"https:\/\/rderural.com\/es\/ofertas-y-paquetes\/\">Read More<\/a><\/p>\n","protected":false},"author":1,"featured_media":0,"parent":0,"menu_order":1,"comment_status":"closed","ping_status":"closed","template":"","meta":{"footnotes":""},"class_list":["post-350","page","type-page","status-publish","hentry"],"yoast_head":"<!-- This site is optimized with the Yoast SEO plugin v24.1 - https:\/\/yoast.com\/wordpress\/plugins\/seo\/ -->\n<title>Ofertas en casas rurales en Andorra - paquetes y promociones<\/title>\n<meta name=\"description\" content=\"Descubre las ofertas de R de Rural y reserva tu estancia en Andorra en una de las casas rurales del pa\u00eds. \u00a1Disponibles todo el a\u00f1o!\" \/>\n<meta name=\"robots\" content=\"index, follow, max-snippet:-1, max-image-preview:large, max-video-preview:-1\" \/>\n<link rel=\"canonical\" href=\"https:\/\/rderural.com\/es\/ofertas-y-paquetes\/\" \/>\n<meta property=\"og:locale\" content=\"es_ES\" \/>\n<meta property=\"og:type\" content=\"article\" \/>\n<meta property=\"og:title\" content=\"Ofertas en casas rurales en Andorra - paquetes y promociones\" \/>\n<meta property=\"og:description\" content=\"Descubre las ofertas de R de Rural y reserva tu estancia en Andorra en una de las casas rurales del pa\u00eds. \u00a1Disponibles todo el a\u00f1o!\" \/>\n<meta property=\"og:url\" content=\"https:\/\/rderural.com\/es\/ofertas-y-paquetes\/\" \/>\n<meta property=\"og:site_name\" content=\"R de Rural\" \/>\n<meta property=\"article:modified_time\" content=\"2023-05-16T12:50:38+00:00\" \/>\n<meta name=\"twitter:card\" content=\"summary_large_image\" \/>\n<meta name=\"twitter:label1\" content=\"Tiempo de lectura\" \/>\n\t<meta name=\"twitter:data1\" content=\"3 minutos\" \/>\n<script type=\"application\/ld+json\" class=\"yoast-schema-graph\">{\"@context\":\"https:\/\/schema.org\",\"@graph\":[{\"@type\":\"WebPage\",\"@id\":\"https:\/\/rderural.com\/es\/ofertas-y-paquetes\/\",\"url\":\"https:\/\/rderural.com\/es\/ofertas-y-paquetes\/\",\"name\":\"Ofertas en casas rurales en Andorra - paquetes y promociones\",\"isPartOf\":{\"@id\":\"https:\/\/rderural.com\/es\/#website\"},\"datePublished\":\"2022-12-10T22:20:26+00:00\",\"dateModified\":\"2023-05-16T12:50:38+00:00\",\"description\":\"Descubre las ofertas de R de Rural y reserva tu estancia en Andorra en una de las casas rurales del pa\u00eds. \u00a1Disponibles todo el a\u00f1o!\",\"breadcrumb\":{\"@id\":\"https:\/\/rderural.com\/es\/ofertas-y-paquetes\/#breadcrumb\"},\"inLanguage\":\"es\",\"potentialAction\":[{\"@type\":\"ReadAction\",\"target\":[\"https:\/\/rderural.com\/es\/ofertas-y-paquetes\/\"]}]},{\"@type\":\"BreadcrumbList\",\"@id\":\"https:\/\/rderural.com\/es\/ofertas-y-paquetes\/#breadcrumb\",\"itemListElement\":[{\"@type\":\"ListItem\",\"position\":1,\"name\":\"Portada\",\"item\":\"https:\/\/rderural.com\/es\/\"},{\"@type\":\"ListItem\",\"position\":2,\"name\":\"Paquetes y actividades\"}]},{\"@type\":\"WebSite\",\"@id\":\"https:\/\/rderural.com\/es\/#website\",\"url\":\"https:\/\/rderural.com\/es\/\",\"name\":\"R de Rural\",\"description\":\"Casas Rurales en Andorra\",\"publisher\":{\"@id\":\"https:\/\/rderural.com\/es\/#organization\"},\"potentialAction\":[{\"@type\":\"SearchAction\",\"target\":{\"@type\":\"EntryPoint\",\"urlTemplate\":\"https:\/\/rderural.com\/es\/?s={search_term_string}\"},\"query-input\":{\"@type\":\"PropertyValueSpecification\",\"valueRequired\":true,\"valueName\":\"search_term_string\"}}],\"inLanguage\":\"es\"},{\"@type\":\"Organization\",\"@id\":\"https:\/\/rderural.com\/es\/#organization\",\"name\":\"R de Rural\",\"url\":\"https:\/\/rderural.com\/es\/\",\"logo\":{\"@type\":\"ImageObject\",\"inLanguage\":\"es\",\"@id\":\"https:\/\/rderural.com\/es\/#\/schema\/logo\/image\/\",\"url\":\"https:\/\/rderural.com\/wp-content\/uploads\/2022\/12\/logoRdeRural-120x100-1.png\",\"contentUrl\":\"https:\/\/rderural.com\/wp-content\/uploads\/2022\/12\/logoRdeRural-120x100-1.png\",\"width\":120,\"height\":100,\"caption\":\"R de Rural\"},\"image\":{\"@id\":\"https:\/\/rderural.com\/es\/#\/schema\/logo\/image\/\"}}]}<\/script>\n<!-- \/ Yoast SEO plugin. -->","yoast_head_json":{"title":"Ofertas en casas rurales en Andorra - paquetes y promociones","description":"Descubre las ofertas de R de Rural y reserva tu estancia en Andorra en una de las casas rurales del pa\u00eds. \u00a1Disponibles todo el a\u00f1o!","robots":{"index":"index","follow":"follow","max-snippet":"max-snippet:-1","max-image-preview":"max-image-preview:large","max-video-preview":"max-video-preview:-1"},"canonical":"https:\/\/rderural.com\/es\/ofertas-y-paquetes\/","og_locale":"es_ES","og_type":"article","og_title":"Ofertas en casas rurales en Andorra - paquetes y promociones","og_description":"Descubre las ofertas de R de Rural y reserva tu estancia en Andorra en una de las casas rurales del pa\u00eds. \u00a1Disponibles todo el a\u00f1o!","og_url":"https:\/\/rderural.com\/es\/ofertas-y-paquetes\/","og_site_name":"R de Rural","article_modified_time":"2023-05-16T12:50:38+00:00","twitter_card":"summary_large_image","twitter_misc":{"Tiempo de lectura":"3 minutos"},"schema":{"@context":"https:\/\/schema.org","@graph":[{"@type":"WebPage","@id":"https:\/\/rderural.com\/es\/ofertas-y-paquetes\/","url":"https:\/\/rderural.com\/es\/ofertas-y-paquetes\/","name":"Ofertas en casas rurales en Andorra - paquetes y promociones","isPartOf":{"@id":"https:\/\/rderural.com\/es\/#website"},"datePublished":"2022-12-10T22:20:26+00:00","dateModified":"2023-05-16T12:50:38+00:00","description":"Descubre las ofertas de R de Rural y reserva tu estancia en Andorra en una de las casas rurales del pa\u00eds. \u00a1Disponibles todo el a\u00f1o!","breadcrumb":{"@id":"https:\/\/rderural.com\/es\/ofertas-y-paquetes\/#breadcrumb"},"inLanguage":"es","potentialAction":[{"@type":"ReadAction","target":["https:\/\/rderural.com\/es\/ofertas-y-paquetes\/"]}]},{"@type":"BreadcrumbList","@id":"https:\/\/rderural.com\/es\/ofertas-y-paquetes\/#breadcrumb","itemListElement":[{"@type":"ListItem","position":1,"name":"Portada","item":"https:\/\/rderural.com\/es\/"},{"@type":"ListItem","position":2,"name":"Paquetes y actividades"}]},{"@type":"WebSite","@id":"https:\/\/rderural.com\/es\/#website","url":"https:\/\/rderural.com\/es\/","name":"R de Rural","description":"Casas Rurales en Andorra","publisher":{"@id":"https:\/\/rderural.com\/es\/#organization"},"potentialAction":[{"@type":"SearchAction","target":{"@type":"EntryPoint","urlTemplate":"https:\/\/rderural.com\/es\/?s={search_term_string}"},"query-input":{"@type":"PropertyValueSpecification","valueRequired":true,"valueName":"search_term_string"}}],"inLanguage":"es"},{"@type":"Organization","@id":"https:\/\/rderural.com\/es\/#organization","name":"R de Rural","url":"https:\/\/rderural.com\/es\/","logo":{"@type":"ImageObject","inLanguage":"es","@id":"https:\/\/rderural.com\/es\/#\/schema\/logo\/image\/","url":"https:\/\/rderural.com\/wp-content\/uploads\/2022\/12\/logoRdeRural-120x100-1.png","contentUrl":"https:\/\/rderural.com\/wp-content\/uploads\/2022\/12\/logoRdeRural-120x100-1.png","width":120,"height":100,"caption":"R de Rural"},"image":{"@id":"https:\/\/rderural.com\/es\/#\/schema\/logo\/image\/"}}]}},"_links":{"self":[{"href":"https:\/\/rderural.com\/es\/wp-json\/wp\/v2\/pages\/350","targetHints":{"allow":["GET"]}}],"collection":[{"href":"https:\/\/rderural.com\/es\/wp-json\/wp\/v2\/pages"}],"about":[{"href":"https:\/\/rderural.com\/es\/wp-json\/wp\/v2\/types\/page"}],"author":[{"embeddable":true,"href":"https:\/\/rderural.com\/es\/wp-json\/wp\/v2\/users\/1"}],"replies":[{"embeddable":true,"href":"https:\/\/rderural.com\/es\/wp-json\/wp\/v2\/comments?post=350"}],"version-history":[{"count":10,"href":"https:\/\/rderural.com\/es\/wp-json\/wp\/v2\/pages\/350\/revisions"}],"predecessor-version":[{"id":2337,"href":"https:\/\/rderural.com\/es\/wp-json\/wp\/v2\/pages\/350\/revisions\/2337"}],"wp:attachment":[{"href":"https:\/\/rderural.com\/es\/wp-json\/wp\/v2\/media?parent=350"}],"curies":[{"name":"wp","href":"https:\/\/api.w.org\/{rel}","templated":true}]}}